{"id":1921,"date":"2024-08-22T12:02:55","date_gmt":"2024-08-22T09:02:55","guid":{"rendered":"https:\/\/smyfi.wpenginepowered.com\/metsapaivat\/?page_id=1921"},"modified":"2026-08-26T16:46:16","modified_gmt":"2026-08-26T13:46:16","slug":"ohjelma-23-10","status":"publish","type":"page","link":"https:\/\/smy.fi\/metsapaivat\/ohjelma-23-10\/","title":{"rendered":"Ohjelma | Perjantai 23.10."},"content":{"rendered":"\n<p class=\"is-style-lead-text wp-block-paragraph\">Vuoden 2026 Mets\u00e4p\u00e4iv\u00e4t j\u00e4rjestet\u00e4\u00e4n 22.\u201323.10.2026 Clarion Hotel Helsinki Airportissa. P\u00e4\u00e4teemana on mets\u00e4 ja turvallisuus. Perjantaina lavaohjelmaa on Mets\u00e4p\u00e4ivien p\u00e4\u00e4lavalla.<\/p>\n\n\n\n<p class=\"is-style-default wp-block-paragraph\">T\u00e4hn uusi teksti Mets\u00e4alan huomionosoitusten lis\u00e4ksi iltap\u00e4iv\u00e4ll\u00e4 kuullaan kansanedustaja ja turvallisuusasiantuntija Jarno Limn\u00e9llin <a href=\"https:\/\/smy.fi\/metsapaivat\/metsapaivien-2026-keynote-jarno-limnell-nostaa-metsat-osaksi-suomen-kokonaisturvallisuutta\/\" target=\"_blank\" rel=\"noreferrer noopener\">keynote-puheenvuoro<\/a> metsist\u00e4 osana Suomen kokonaisturvallisuutta.<\/p>\n\n\n\n<div style=\"height:40px\" aria-hidden=\"true\" class=\"wp-block-spacer\"><\/div>\n\n\n\n<div class=\"wp-block-buttons is-content-justification-center is-layout-flex wp-container-core-buttons-is-layout-fe48e5de wp-block-buttons-is-layout-flex\">\n<div class=\"wp-block-button\"><a class=\"wp-block-button__link wp-element-button\" href=\"https:\/\/smy.fi\/metsapaivat\/liput\/\" target=\"_blank\" rel=\"noreferrer noopener\">Osta lippu Mets\u00e4p\u00e4iville<\/a><\/div>\n<\/div>\n\n\n\n<h2 class=\"wp-block-heading is-style-default\">Ohjelma KORJAA T\u00c4M\u00c4<\/h2>\n\n\n\n<p class=\"wp-block-paragraph\"><strong>8.00\u201311.00<\/strong> Sidosryhm\u00e4tilaisuuksia Finlandia-talon eri tiloissa \u2013 <a href=\"https:\/\/smy.fi\/metsapaivat\/ohjelma\/sidosryhmatilaisuudet\/\" target=\"_blank\" rel=\"noreferrer noopener\">katso sidosryhm\u00e4tilaisuudet<\/a><\/p>\n\n\n\n<hr class=\"wp-block-separator has-alpha-channel-opacity\" \/>\n\n\n\n<p class=\"wp-block-paragraph\"><strong>11.00\u201312.30 LOUNAS \u2013 Ravintolasalit&nbsp;<\/strong><\/p>\n\n\n\n<hr class=\"wp-block-separator has-alpha-channel-opacity\" \/>\n\n\n\n<div class=\"wp-block-columns is-layout-flex wp-container-core-columns-is-layout-8f761849 wp-block-columns-is-layout-flex\">\n<div class=\"wp-block-column is-layout-flow wp-block-column-is-layout-flow\" style=\"flex-basis:33.33%\">\n<p class=\"wp-block-paragraph\"><strong>12.30 Finlandia-sali<\/strong><\/p>\n<\/div>\n\n\n\n<div class=\"wp-block-column is-layout-flow wp-block-column-is-layout-flow\" style=\"flex-basis:66.66%\">\n<p class=\"wp-block-paragraph\">Avajaissanat&nbsp;<\/p>\n\n\n\n<p class=\"has-text-align-left wp-block-paragraph\">Juhlapuhe, <strong>Olli Rehn<\/strong>, <em>Suomen Pankin p\u00e4\u00e4johtaja <\/em><\/p>\n\n\n\n<p class=\"has-text-align-left wp-block-paragraph\">Juhlakeskustelu: Mets\u00e4t ja yhteiskunta 2035 \u2013 s\u00e4\u00e4ti\u00f6t yhteisty\u00f6n vahvistajina, <em>Suomen Mets\u00e4s\u00e4\u00e4ti\u00f6<\/em><br>Mik\u00e4 on mets\u00e4alan yhteisty\u00f6n merkitys alati muuttuvassa maailmassa? Miten s\u00e4\u00e4ti\u00f6t auttavat ratkomaan haasteita?<em> <\/em>Aiheesta keskustelemassa<em> <\/em>S\u00e4\u00e4ti\u00f6t ja rahastot ry:n toimitusjohtaja<strong> Liisa Suvikumpu<\/strong>, ja mets\u00e4alan s\u00e4\u00e4ti\u00f6iden hallitusten puheenjohtajat <strong>Petri Vanhala<\/strong>, Mets\u00e4miesten s\u00e4\u00e4ti\u00f6, sek\u00e4 <strong>Juha Jumppanen<\/strong>, Suomen Mets\u00e4s\u00e4\u00e4ti\u00f6.<\/p>\n\n\n\n<p class=\"wp-block-paragraph\">Suomen Mets\u00e4s\u00e4\u00e4ti\u00f6n huomionosoitusten jako<\/p>\n\n\n\n<p class=\"has-text-align-left wp-block-paragraph\">Sibelius-lukion kamarikuoro<\/p>\n\n\n\n<p class=\"has-text-align-left wp-block-paragraph\">Juhlahaastattelu: Mets\u00e4alaan vaikuttaneet murrokset sek\u00e4 metsien merkitys viimeisen sadan vuoden aikana, <strong>Kirsti Manninen<\/strong>, <em>kirjailija, tutkija ja historioitsija<\/em>. Haastattelijana <strong>Ella Kanninen<\/strong>.<\/p>\n<\/div>\n<\/div>\n\n\n\n<hr class=\"wp-block-separator has-alpha-channel-opacity\" \/>\n\n\n\n<p class=\"has-text-align-left wp-block-paragraph\"><strong>14.15 KAHVITAUKO<\/strong><\/p>\n\n\n\n<hr class=\"wp-block-separator has-alpha-channel-opacity\" \/>\n\n\n\n<div class=\"wp-block-columns is-layout-flex wp-container-core-columns-is-layout-8f761849 wp-block-columns-is-layout-flex\">\n<div class=\"wp-block-column is-layout-flow wp-block-column-is-layout-flow\" style=\"flex-basis:33.33%\">\n<p class=\"wp-block-paragraph\"><strong>14.45 Finlandia-sali<\/strong><\/p>\n<\/div>\n\n\n\n<div class=\"wp-block-column is-layout-flow wp-block-column-is-layout-flow\" style=\"flex-basis:66.66%\">\n<p class=\"has-text-align-left wp-block-paragraph\">Suomen Mets\u00e4yhdistyksen huomionosoitukset&nbsp;<\/p>\n\n\n\n<p class=\"has-text-align-left wp-block-paragraph\">Human Cell Signals<\/p>\n\n\n\n<p class=\"has-text-align-left wp-block-paragraph\">Uusi puu -kilpailun tulosten julkistaminen&nbsp;<\/p>\n\n\n\n<p class=\"has-text-align-left wp-block-paragraph\">Uusi puu -paneelikeskustelu: Keskustelemassa kilpailun tuomaristosta kansanedustajat <strong>Petri Huru<\/strong> (PS), <strong>Krista Mikkonen<\/strong> (VIHR), <strong>Piritta Rantanen<\/strong> (SDP) ja <strong>Eerikki Viljanen<\/strong> (KESK) sek\u00e4 Aalto-yliopiston vanhempi yliopistonlehtori <strong>Markus Joutsela<\/strong>. Paneelin juontaa <strong>Markus Liimatainen<\/strong>.<\/p>\n\n\n\n<p class=\"has-text-align-left wp-block-paragraph\"><\/p>\n\n\n\n<p class=\"has-text-align-left wp-block-paragraph\">Yll\u00e4tysohjelmanumero&nbsp;<\/p>\n\n\n\n<p class=\"has-text-align-left wp-block-paragraph\">Keynote-puheenvuoro, <strong>Laura Davies<\/strong>, <em>Ison-Britannian Suomen suurl\u00e4hettil\u00e4s<\/em>&nbsp;<\/p>\n<\/div>\n<\/div>\n\n\n\n<p class=\"has-text-align-left wp-block-paragraph\"><\/p>\n\n\n\n<hr class=\"wp-block-separator has-alpha-channel-opacity\" \/>\n\n\n\n<div class=\"wp-block-columns is-layout-flex wp-container-core-columns-is-layout-8f761849 wp-block-columns-is-layout-flex\">\n<div class=\"wp-block-column is-layout-flow wp-block-column-is-layout-flow\" style=\"flex-basis:33.33%\">\n<p class=\"wp-block-paragraph\"><strong>17.15 Finlandia-n\u00e4yttelyyn tutustuminen<\/strong><\/p>\n<\/div>\n\n\n\n<div class=\"wp-block-column is-layout-flow wp-block-column-is-layout-flow\" style=\"flex-basis:66.66%\">\n<p class=\"wp-block-paragraph\"><strong>17.15\u201317.45<\/strong> Finlandia-n\u00e4yttelyyn tutustuminen, kierros 1&nbsp;<\/p>\n\n\n\n<p class=\"wp-block-paragraph\"><strong>17.45\u201318.15 <\/strong>Finlandia-n\u00e4yttelyyn tutustuminen, kierros 2&nbsp;<\/p>\n\n\n\n<p class=\"wp-block-paragraph\"><strong>18.15\u201318.45 <\/strong>Finlandia-n\u00e4yttelyyn tutustuminen, kierros 3<\/p>\n<\/div>\n<\/div>\n\n\n\n<p class=\"wp-block-paragraph\">&nbsp;<\/p>\n\n\n\n<hr class=\"wp-block-separator has-alpha-channel-opacity\" \/>\n\n\n\n<p class=\"wp-block-paragraph\"><strong>19.00\u201321.30 JUHLAILLALLINEN \u2013 Ravintolasalit&nbsp;(tumma puku tai vastaava asu)<\/strong><\/p>\n\n\n\n<hr class=\"wp-block-separator has-alpha-channel-opacity\" \/>\n\n\n\n<p class=\"wp-block-paragraph\"><strong>21.30<\/strong> Jatkot \u2013 jatkopaikka ilmoitetaan my\u00f6hemmin&nbsp;<\/p>\n\n\n\n<div style=\"height:57px\" aria-hidden=\"true\" class=\"wp-block-spacer\"><\/div>\n\n\n\n  <section class=\"smy-speakers\">\n    <h2>Esiintyj\u00e4t torstaina 23.10. &#8211; esiintymisaika n\u00e4kyy klikkaamalla kuvaa<\/h2>\n\n    <div class=\"smy-speakers__grid\">\n      \n        <button data-modal-trigger=\"speaker-event-6a96c33cc2158\" aria-label=\"Puhuja, Maria Ritola\" class=\"smy-speakers__speaker smy-speakers__speaker--keynote\">\n\n          <ul>\n            <li>\n              <img decoding=\"async\" src=\"https:\/\/smy.fi\/metsapaivat\/wp-content\/uploads\/sites\/2\/2025\/08\/Maria-Ritola-2.jpg\" \/>            <\/li>\n            <li class=\"smy-speakers__details\">\n                <div>\n                  \n    <p class=\"smy-speakers__date\">\n    <span>To<\/span>\n    <span>23.10.<\/span>\n    <\/p>                  <h2>Maria Ritola<\/h2><p>Teknologiavaikuttaja<\/p>              <\/div>\n\n            <\/li>\n          <\/ul>\n\n        <\/button>\n\n      \n        <button data-modal-trigger=\"speaker-event-6a96c33cc264d\" aria-label=\"Puhuja, Monika \u00d6sterberg\" class=\"smy-speakers__speaker \">\n\n          <ul>\n            <li>\n              <img decoding=\"async\" src=\"https:\/\/smy.fi\/metsapaivat\/wp-content\/uploads\/sites\/2\/2025\/08\/aalto_university_professor_monika_osterberg_03-11-2021_by_jaakko_kahilaniemi-1.jpg\" \/>            <\/li>\n            <li class=\"smy-speakers__details\">\n                <div>\n                  \n    <p class=\"smy-speakers__date\">\n    <span>To<\/span>\n    <span>23.10.<\/span>\n    <\/p>                  <h2>Monika \u00d6sterberg<\/h2><p>Professori <\/p><p>FinnCERES Scientific PI, Mets\u00e4biotalouden tiedepaneelin j\u00e4sen<\/p>              <\/div>\n\n            <\/li>\n          <\/ul>\n\n        <\/button>\n\n      \n        <button data-modal-trigger=\"speaker-event-6a96c33cc2a12\" aria-label=\"Puhuja, Katriina Valkeap\u00e4\u00e4   \" class=\"smy-speakers__speaker \">\n\n          <ul>\n            <li>\n              <img decoding=\"async\" src=\"https:\/\/smy.fi\/metsapaivat\/wp-content\/uploads\/sites\/2\/2025\/08\/katriina_kasvokuva.jpg\" \/>            <\/li>\n            <li class=\"smy-speakers__details\">\n                <div>\n                  \n    <p class=\"smy-speakers__date\">\n    <span>To<\/span>\n    <span>23.10.<\/span>\n    <\/p>                  <h2>Katriina Valkeap\u00e4\u00e4   <\/h2><p>Tuoteasiantuntija<\/p><p>Mets\u00e4teollisuus ry<\/p>              <\/div>\n\n            <\/li>\n          <\/ul>\n\n        <\/button>\n\n      \n        <button data-modal-trigger=\"speaker-event-6a96c33cc2dfb\" aria-label=\"Puhuja, Ville Kankare\" class=\"smy-speakers__speaker \">\n\n          <ul>\n            <li>\n              <img decoding=\"async\" src=\"https:\/\/smy.fi\/metsapaivat\/wp-content\/uploads\/sites\/2\/2025\/08\/villekankarephoto_maastotyot-8.jpg\" \/>            <\/li>\n            <li class=\"smy-speakers__details\">\n                <div>\n                  \n    <p class=\"smy-speakers__date\">\n    <span>To<\/span>\n    <span>23.10.<\/span>\n    <\/p>                  <h2>Ville Kankare<\/h2><p>Yliopistotutkija<\/p><p>UNITE lippulaiva<\/p>              <\/div>\n\n            <\/li>\n          <\/ul>\n\n        <\/button>\n\n      \n        <button data-modal-trigger=\"speaker-event-6a96c33cc31fe\" aria-label=\"Puhuja, Sanna H\u00e4rk\u00f6nen\" class=\"smy-speakers__speaker \">\n\n          <ul>\n            <li>\n              <img decoding=\"async\" src=\"https:\/\/smy.fi\/metsapaivat\/wp-content\/uploads\/sites\/2\/2025\/08\/sanna-harkonen.jpg\" \/>            <\/li>\n            <li class=\"smy-speakers__details\">\n                <div>\n                  \n    <p class=\"smy-speakers__date\">\n    <span>To<\/span>\n    <span>23.10.<\/span>\n    <\/p>                  <h2>Sanna H\u00e4rk\u00f6nen<\/h2><p>Tuotep\u00e4\u00e4llikk\u00f6<\/p><p>Sitowise Oy<\/p>              <\/div>\n\n            <\/li>\n          <\/ul>\n\n        <\/button>\n\n      \n        <button data-modal-trigger=\"speaker-event-6a96c33cc361e\" aria-label=\"Puhuja, Mikko Peltonen\" class=\"smy-speakers__speaker \">\n\n          <ul>\n            <li>\n              <img decoding=\"async\" src=\"https:\/\/smy.fi\/metsapaivat\/wp-content\/uploads\/sites\/2\/2025\/08\/peltonen-mikko_hk2023.jpg\" \/>            <\/li>\n            <li class=\"smy-speakers__details\">\n                <div>\n                  \n    <p class=\"smy-speakers__date\">\n    <span>To<\/span>\n    <span>23.10.<\/span>\n    <\/p>                  <h2>Mikko Peltonen<\/h2><p>Tutkimusjohtaja<\/p><p>Maa- ja mets\u00e4talousministeri\u00f6<\/p>              <\/div>\n\n            <\/li>\n          <\/ul>\n\n        <\/button>\n\n      \n        <button data-modal-trigger=\"speaker-event-6a96c33cc39be\" aria-label=\"Puhuja, Pekka Pesonen\" class=\"smy-speakers__speaker \">\n\n          <ul>\n            <li>\n              <img decoding=\"async\" src=\"https:\/\/smy.fi\/metsapaivat\/wp-content\/uploads\/sites\/2\/2025\/08\/pekkapesonen.jpg\" \/>            <\/li>\n            <li class=\"smy-speakers__details\">\n                <div>\n                  \n    <p class=\"smy-speakers__date\">\n    <span>To<\/span>\n    <span>23.10.<\/span>\n    <\/p>                  <h2>Pekka Pesonen<\/h2><p>Kansliap\u00e4\u00e4llikk\u00f6<\/p><p>Maa- ja mets\u00e4talousministeri\u00f6<\/p>              <\/div>\n\n            <\/li>\n          <\/ul>\n\n        <\/button>\n\n      \n        <button data-modal-trigger=\"speaker-event-6a96c33cc3d46\" aria-label=\"Puhuja, Panu Halme\" class=\"smy-speakers__speaker \">\n\n          <ul>\n            <li>\n              <img decoding=\"async\" src=\"https:\/\/smy.fi\/metsapaivat\/wp-content\/uploads\/sites\/2\/2025\/08\/panu-halme_2-by-vilja-pursiainen.jpg\" \/>            <\/li>\n            <li class=\"smy-speakers__details\">\n                <div>\n                  \n    <p class=\"smy-speakers__date\">\n    <span>To<\/span>\n    <span>23.10.<\/span>\n    <\/p>                  <h2>Panu Halme<\/h2><p>Dosentti, yliopistolehtori<\/p>              <\/div>\n\n            <\/li>\n          <\/ul>\n\n        <\/button>\n\n      \n        <button data-modal-trigger=\"speaker-event-6a96c33cc402c\" aria-label=\"Puhuja, O\u011fuz \u2019Oz\u2019 Buruk\" class=\"smy-speakers__speaker \">\n\n          <ul>\n            <li>\n              <img decoding=\"async\" src=\"https:\/\/smy.fi\/metsapaivat\/wp-content\/uploads\/sites\/2\/2025\/08\/oguz-oz-buruk.jpg\" \/>            <\/li>\n            <li class=\"smy-speakers__details\">\n                <div>\n                  \n    <p class=\"smy-speakers__date\">\n    <span>To<\/span>\n    <span>23.10.<\/span>\n    <\/p>                  <h2>O\u011fuz \u2019Oz\u2019 Buruk<\/h2><p>PhD, Assistant Professor of Gameful Experience <\/p><p>UNITE Flagship<\/p>              <\/div>\n\n            <\/li>\n          <\/ul>\n\n        <\/button>\n\n      \n        <button data-modal-trigger=\"speaker-event-6a96c33cc43de\" aria-label=\"Puhuja, Mikko \"Peltsi\" Peltonen\" class=\"smy-speakers__speaker \">\n\n          <ul>\n            <li>\n              <img decoding=\"async\" src=\"https:\/\/smy.fi\/metsapaivat\/wp-content\/uploads\/sites\/2\/2025\/08\/mikko_peltsi_peltola_kuvaaja-sariforsman.jpg\" \/>            <\/li>\n            <li class=\"smy-speakers__details\">\n                <div>\n                  \n    <p class=\"smy-speakers__date\">\n    <span>To<\/span>\n    <span>23.10.<\/span>\n    <\/p>                  <h2>Mikko &#8221;Peltsi&#8221; Peltonen<\/h2><p>Juontaja<\/p>              <\/div>\n\n            <\/li>\n          <\/ul>\n\n        <\/button>\n\n      \n        <button data-modal-trigger=\"speaker-event-6a96c33cc4730\" aria-label=\"Puhuja, Mikko Ohela\" class=\"smy-speakers__speaker \">\n\n          <ul>\n            <li>\n              <img decoding=\"async\" src=\"https:\/\/smy.fi\/metsapaivat\/wp-content\/uploads\/sites\/2\/2025\/08\/mikko_ohela_ohela-consulting-horizontal.jpg\" \/>            <\/li>\n            <li class=\"smy-speakers__details\">\n                <div>\n                  \n    <p class=\"smy-speakers__date\">\n    <span>To<\/span>\n    <span>23.10.<\/span>\n    <\/p>                  <h2>Mikko Ohela<\/h2><p>Konsultti<\/p><p>Ohela Consulting<\/p>              <\/div>\n\n            <\/li>\n          <\/ul>\n\n        <\/button>\n\n      \n        <button data-modal-trigger=\"speaker-event-6a96c33cc4ac0\" aria-label=\"Puhuja, Mika Kallio\" class=\"smy-speakers__speaker \">\n\n          <ul>\n            <li>\n              <img decoding=\"async\" src=\"https:\/\/smy.fi\/metsapaivat\/wp-content\/uploads\/sites\/2\/2025\/08\/mika_kallio_2015.jpg\" \/>            <\/li>\n            <li class=\"smy-speakers__details\">\n                <div>\n                  \n    <p class=\"smy-speakers__date\">\n    <span>To<\/span>\n    <span>23.10.<\/span>\n    <\/p>                  <h2>Mika Kallio<\/h2><p> Hankekoordinaattori <\/p><p>Maa- ja mets\u00e4talousministeri\u00f6<\/p>              <\/div>\n\n            <\/li>\n          <\/ul>\n\n        <\/button>\n\n      \n        <button data-modal-trigger=\"speaker-event-6a96c33cc4e20\" aria-label=\"Puhuja, Krista Mikkonen\" class=\"smy-speakers__speaker \">\n\n          <ul>\n            <li>\n              <img decoding=\"async\" src=\"https:\/\/smy.fi\/metsapaivat\/wp-content\/uploads\/sites\/2\/2025\/08\/kristamikkonen.jpg\" \/>            <\/li>\n            <li class=\"smy-speakers__details\">\n                <div>\n                  \n    <p class=\"smy-speakers__date\">\n    <span>To<\/span>\n    <span>23.10.<\/span>\n    <\/p>                  <h2>Krista Mikkonen<\/h2><p>Kansanedustaja<\/p>              <\/div>\n\n            <\/li>\n          <\/ul>\n\n        <\/button>\n\n      \n        <button data-modal-trigger=\"speaker-event-6a96c33cc5164\" aria-label=\"Puhuja, Kalle K\u00e4rh\u00e4\" class=\"smy-speakers__speaker \">\n\n          <ul>\n            <li>\n              <img decoding=\"async\" src=\"https:\/\/smy.fi\/metsapaivat\/wp-content\/uploads\/sites\/2\/2025\/08\/kalle-karha.jpg\" \/>            <\/li>\n            <li class=\"smy-speakers__details\">\n                <div>\n                  \n    <p class=\"smy-speakers__date\">\n    <span>To<\/span>\n    <span>23.10.<\/span>\n    <\/p>                  <h2>Kalle K\u00e4rh\u00e4<\/h2><p>Professori<\/p><p>UNITE lippulaiva<\/p>              <\/div>\n\n            <\/li>\n          <\/ul>\n\n        <\/button>\n\n      \n        <button data-modal-trigger=\"speaker-event-6a96c33cc54d7\" aria-label=\"Puhuja, Jyri Sepp\u00e4l\u00e4\" class=\"smy-speakers__speaker \">\n\n          <ul>\n            <li>\n              <img decoding=\"async\" src=\"https:\/\/smy.fi\/metsapaivat\/wp-content\/uploads\/sites\/2\/2025\/08\/jyriseppala.jpg\" \/>            <\/li>\n            <li class=\"smy-speakers__details\">\n                <div>\n                  \n    <p class=\"smy-speakers__date\">\n    <span>To<\/span>\n    <span>23.10.<\/span>\n    <\/p>                  <h2>Jyri Sepp\u00e4l\u00e4<\/h2><p>Ilmastopaneelin pj. <\/p>              <\/div>\n\n            <\/li>\n          <\/ul>\n\n        <\/button>\n\n      \n        <button data-modal-trigger=\"speaker-event-6a96c33cc5837\" aria-label=\"Puhuja, Johanna Haapala \" class=\"smy-speakers__speaker \">\n\n          <ul>\n            <li>\n              <img decoding=\"async\" src=\"https:\/\/smy.fi\/metsapaivat\/wp-content\/uploads\/sites\/2\/2025\/08\/johanna_haapala_luontoa.jpg\" \/>            <\/li>\n            <li class=\"smy-speakers__details\">\n                <div>\n                  \n    <p class=\"smy-speakers__date\">\n    <span>To<\/span>\n    <span>23.10.<\/span>\n    <\/p>                  <h2>Johanna Haapala <\/h2><p>Johtava konsultti<\/p><p>Luontoa Oy<\/p>              <\/div>\n\n            <\/li>\n          <\/ul>\n\n        <\/button>\n\n      \n        <button data-modal-trigger=\"speaker-event-6a96c33cc5bb7\" aria-label=\"Puhuja, Henna Hurttala\" class=\"smy-speakers__speaker \">\n\n          <ul>\n            <li>\n              <img decoding=\"async\" src=\"https:\/\/smy.fi\/metsapaivat\/wp-content\/uploads\/sites\/2\/2025\/08\/henna_hurttala_TTS.jpg\" \/>            <\/li>\n            <li class=\"smy-speakers__details\">\n                <div>\n                  \n    <p class=\"smy-speakers__date\">\n    <span>To<\/span>\n    <span>23.10.<\/span>\n    <\/p>                  <h2>Henna Hurttala<\/h2><p>Yksik\u00f6n johtaja<\/p><p>TTS, Mets\u00e4alan EU-akatemia <\/p>              <\/div>\n\n            <\/li>\n          <\/ul>\n\n        <\/button>\n\n      \n        <button data-modal-trigger=\"speaker-event-6a96c33cc5f00\" aria-label=\"Puhuja, Heikki Hyyti\" class=\"smy-speakers__speaker \">\n\n          <ul>\n            <li>\n              <img decoding=\"async\" src=\"https:\/\/smy.fi\/metsapaivat\/wp-content\/uploads\/sites\/2\/2025\/08\/heikkihyyti_with_tls_in_forest.jpg\" \/>            <\/li>\n            <li class=\"smy-speakers__details\">\n                <div>\n                  \n    <p class=\"smy-speakers__date\">\n    <span>To<\/span>\n    <span>23.10.<\/span>\n    <\/p>                  <h2>Heikki Hyyti<\/h2><p>Vanhempi tutkija<\/p><p>UNITE lippulaiva<\/p>              <\/div>\n\n            <\/li>\n          <\/ul>\n\n        <\/button>\n\n      \n        <button data-modal-trigger=\"speaker-event-6a96c33cc621f\" aria-label=\"Puhuja, Hannu Lehtonen\" class=\"smy-speakers__speaker \">\n\n          <ul>\n            <li>\n              <img decoding=\"async\" src=\"https:\/\/smy.fi\/metsapaivat\/wp-content\/uploads\/sites\/2\/2025\/08\/hannulehtonen-01.jpg\" \/>            <\/li>\n            <li class=\"smy-speakers__details\">\n                <div>\n                  \n    <p class=\"smy-speakers__date\">\n    <span>To<\/span>\n    <span>23.10.<\/span>\n    <\/p>                  <h2>Hannu Lehtonen<\/h2><p>Metsienk\u00e4ytt\u00f6- ja suunnittelujohtaja <\/p><p>Mets\u00e4hallitus Mets\u00e4talous Oy <\/p>              <\/div>\n\n            <\/li>\n          <\/ul>\n\n        <\/button>\n\n      \n        <button data-modal-trigger=\"speaker-event-6a96c33cc657e\" aria-label=\"Puhuja, Ahmed Eshtiak\" class=\"smy-speakers__speaker \">\n\n          <ul>\n            <li>\n              <img decoding=\"async\" src=\"https:\/\/smy.fi\/metsapaivat\/wp-content\/uploads\/sites\/2\/2025\/08\/eshtiak-ahmed.jpg\" \/>            <\/li>\n            <li class=\"smy-speakers__details\">\n                <div>\n                  \n    <p class=\"smy-speakers__date\">\n    <span>To<\/span>\n    <span>23.10.<\/span>\n    <\/p>                  <h2>Ahmed Eshtiak<\/h2><p>Doctoral Researcher<\/p><p>UNITE Flagship<\/p>              <\/div>\n\n            <\/li>\n          <\/ul>\n\n        <\/button>\n\n      \n        <button data-modal-trigger=\"speaker-event-6a96c33cc6949\" aria-label=\"Puhuja, Elina Koskim\u00e4ki\" class=\"smy-speakers__speaker \">\n\n          <ul>\n            <li>\n              <img decoding=\"async\" src=\"https:\/\/smy.fi\/metsapaivat\/wp-content\/uploads\/sites\/2\/2025\/08\/elina-koskimaki.jpg\" \/>            <\/li>\n            <li class=\"smy-speakers__details\">\n                <div>\n                  \n    <p class=\"smy-speakers__date\">\n    <span>To<\/span>\n    <span>23.10.<\/span>\n    <\/p>                  <h2>Elina Koskim\u00e4ki<\/h2><p>Tuotep\u00e4\u00e4llikk\u00f6<\/p><p>Sitowise Oy<\/p>              <\/div>\n\n            <\/li>\n          <\/ul>\n\n        <\/button>\n\n      \n        <button data-modal-trigger=\"speaker-event-6a96c33cc6d36\" aria-label=\"Puhuja, Claudia Kov\u00e1cs\" class=\"smy-speakers__speaker \">\n\n          <ul>\n            <li>\n              <img decoding=\"async\" src=\"https:\/\/smy.fi\/metsapaivat\/wp-content\/uploads\/sites\/2\/2025\/08\/claudia_kovacs.jpg\" \/>            <\/li>\n            <li class=\"smy-speakers__details\">\n                <div>\n                  \n    <p class=\"smy-speakers__date\">\n    <span>To<\/span>\n    <span>23.10.<\/span>\n    <\/p>                  <h2>Claudia Kov\u00e1cs<\/h2><p>V\u00e4it\u00f6skirjatutkija<\/p>              <\/div>\n\n            <\/li>\n          <\/ul>\n\n        <\/button>\n\n      \n        <button data-modal-trigger=\"speaker-event-6a96c33cc7157\" aria-label=\"Puhuja, Christel Holmlund-Norr\u00e9n\" class=\"smy-speakers__speaker \">\n\n          <ul>\n            <li>\n              <img decoding=\"async\" src=\"https:\/\/smy.fi\/metsapaivat\/wp-content\/uploads\/sites\/2\/2025\/08\/christel-h-n-portratt_emma-buss.jpg\" \/>            <\/li>\n            <li class=\"smy-speakers__details\">\n                <div>\n                  \n    <p class=\"smy-speakers__date\">\n    <span>To<\/span>\n    <span>23.10.<\/span>\n    <\/p>                  <h2>Christel Holmlund-Norr\u00e9n<\/h2><p>Vice ordf\u00f6rande<\/p><p>Skogsv\u00e5rdsf\u00f6reningen \u00d6sterbotten r.f. <\/p>              <\/div>\n\n            <\/li>\n          <\/ul>\n\n        <\/button>\n\n      \n        <button data-modal-trigger=\"speaker-event-6a96c33cc7572\" aria-label=\"Puhuja, Mirjami Olsson\" class=\"smy-speakers__speaker \">\n\n          <ul>\n            <li>\n              <img decoding=\"async\" src=\"https:\/\/smy.fi\/metsapaivat\/wp-content\/uploads\/sites\/2\/2025\/08\/bild-mirjami-olsson1.jpg\" \/>            <\/li>\n            <li class=\"smy-speakers__details\">\n                <div>\n                  \n    <p class=\"smy-speakers__date\">\n    <span>To<\/span>\n    <span>23.10.<\/span>\n    <\/p>                  <h2>Mirjami Olsson<\/h2><p>Business Developer <\/p><p>Triona<\/p>              <\/div>\n\n            <\/li>\n          <\/ul>\n\n        <\/button>\n\n      \n        <button data-modal-trigger=\"speaker-event-6a96c33cc7959\" aria-label=\"Puhuja, Anna-Rosa Asikainen\" class=\"smy-speakers__speaker \">\n\n          <ul>\n            <li>\n              <img decoding=\"async\" src=\"https:\/\/smy.fi\/metsapaivat\/wp-content\/uploads\/sites\/2\/2025\/08\/anna-rosa-asikainen_valokuva-mtk_uusi.jpg\" \/>            <\/li>\n            <li class=\"smy-speakers__details\">\n                <div>\n                  \n    <p class=\"smy-speakers__date\">\n    <span>To<\/span>\n    <span>23.10.<\/span>\n    <\/p>                  <h2>Anna-Rosa Asikainen<\/h2><p>Juristi<\/p><p>luonnonsuojelu, MTK ry  <\/p>              <\/div>\n\n            <\/li>\n          <\/ul>\n\n        <\/button>\n\n      \n        <button data-modal-trigger=\"speaker-event-6a96c33cc7d17\" aria-label=\"Puhuja, Hannele Kyt\u00f6\" class=\"smy-speakers__speaker \">\n\n          <ul>\n            <li>\n              <img decoding=\"async\" src=\"https:\/\/smy.fi\/metsapaivat\/wp-content\/uploads\/sites\/2\/2025\/08\/hannelekyto-02.jpg\" \/>            <\/li>\n            <li class=\"smy-speakers__details\">\n                <div>\n                  \n    <p class=\"smy-speakers__date\">\n    <span>To<\/span>\n    <span>23.10.<\/span>\n    <\/p>                  <h2>Hannele Kyt\u00f6<\/h2><p>Ymp\u00e4rist\u00f6asiantuntija<\/p><p>Mets\u00e4hallitus Mets\u00e4talous Oy<\/p>              <\/div>\n\n            <\/li>\n          <\/ul>\n\n        <\/button>\n\n      \n        <button data-modal-trigger=\"speaker-event-6a96c33cc8101\" aria-label=\"Puhuja, Samuli Junttila\" class=\"smy-speakers__speaker \">\n\n          <ul>\n            <li>\n              <img decoding=\"async\" src=\"https:\/\/smy.fi\/metsapaivat\/wp-content\/uploads\/sites\/2\/2025\/09\/Samuli_Junttila_MV.jpg\" \/>            <\/li>\n            <li class=\"smy-speakers__details\">\n                <div>\n                  \n    <p class=\"smy-speakers__date\">\n    <span>To<\/span>\n    <span>23.10.<\/span>\n    <\/p>                  <h2>Samuli Junttila<\/h2><p>Apulaisprofessori<\/p><p>Helsingin yliopisto<\/p>              <\/div>\n\n            <\/li>\n          <\/ul>\n\n        <\/button>\n\n      \n        <button data-modal-trigger=\"speaker-event-6a96c33cc8502\" aria-label=\"Puhuja, P\u00e4ivi Lyytik\u00e4inen-Saarenmaa\" class=\"smy-speakers__speaker \">\n\n          <ul>\n            <li>\n              <img decoding=\"async\" src=\"https:\/\/smy.fi\/metsapaivat\/wp-content\/uploads\/sites\/2\/2025\/09\/Paivi_Lyytikainen-Saarenmaa_MV.jpg\" \/>            <\/li>\n            <li class=\"smy-speakers__details\">\n                <div>\n                  \n    <p class=\"smy-speakers__date\">\n    <span>To<\/span>\n    <span>23.10.<\/span>\n    <\/p>                  <h2>P\u00e4ivi Lyytik\u00e4inen-Saarenmaa<\/h2><p>Tutkimusp\u00e4\u00e4llikk\u00f6<\/p><p>Maanmittauslaitos, Paikkatietokeskus<\/p>              <\/div>\n\n            <\/li>\n          <\/ul>\n\n        <\/button>\n\n      \n        <button data-modal-trigger=\"speaker-event-6a96c33cc884b\" aria-label=\"Puhuja, Markus Holopainen\" class=\"smy-speakers__speaker \">\n\n          <ul>\n            <li>\n              <img decoding=\"async\" src=\"https:\/\/smy.fi\/metsapaivat\/wp-content\/uploads\/sites\/2\/2025\/09\/Markus_Holopainen_MV.jpg\" \/>            <\/li>\n            <li class=\"smy-speakers__details\">\n                <div>\n                  \n    <p class=\"smy-speakers__date\">\n    <span>To<\/span>\n    <span>23.10.<\/span>\n    <\/p>                  <h2>Markus Holopainen<\/h2><p>Professori<\/p><p>Helsingin yliopisto<\/p>              <\/div>\n\n            <\/li>\n          <\/ul>\n\n        <\/button>\n\n      \n        <button data-modal-trigger=\"speaker-event-6a96c33cc8c0d\" aria-label=\"Puhuja, Heli Peltola\" class=\"smy-speakers__speaker \">\n\n          <ul>\n            <li>\n              <img decoding=\"async\" src=\"https:\/\/smy.fi\/metsapaivat\/wp-content\/uploads\/sites\/2\/2025\/09\/Heli_Peltola_MV.jpg\" \/>            <\/li>\n            <li class=\"smy-speakers__details\">\n                <div>\n                  \n    <p class=\"smy-speakers__date\">\n    <span>To<\/span>\n    <span>23.10.<\/span>\n    <\/p>                  <h2>Heli Peltola<\/h2><p>Professori<\/p><p>It\u00e4-Suomen yliopisto<\/p>              <\/div>\n\n            <\/li>\n          <\/ul>\n\n        <\/button>\n\n      \n        <button data-modal-trigger=\"speaker-event-6a96c33cc8f6f\" aria-label=\"Puhuja, Antero Kukko\" class=\"smy-speakers__speaker \">\n\n          <ul>\n            <li>\n              <img decoding=\"async\" src=\"https:\/\/smy.fi\/metsapaivat\/wp-content\/uploads\/sites\/2\/2025\/09\/Antero_Kukko2023_MV.jpg\" \/>            <\/li>\n            <li class=\"smy-speakers__details\">\n                <div>\n                  \n    <p class=\"smy-speakers__date\">\n    <span>To<\/span>\n    <span>23.10.<\/span>\n    <\/p>                  <h2>Antero Kukko<\/h2><p>Professori<\/p><p>Maanmittauslaitos, Paikkatietokeskus<\/p>              <\/div>\n\n            <\/li>\n          <\/ul>\n\n        <\/button>\n\n      \n        <button data-modal-trigger=\"speaker-event-6a96c33cc92b6\" aria-label=\"Puhuja, Timo Lehesvirta\" class=\"smy-speakers__speaker \">\n\n          <ul>\n            <li>\n              <img decoding=\"async\" src=\"https:\/\/smy.fi\/metsapaivat\/wp-content\/uploads\/sites\/2\/2025\/09\/Lehesvirta.png\" \/>            <\/li>\n            <li class=\"smy-speakers__details\">\n                <div>\n                  \n    <p class=\"smy-speakers__date\">\n    <span>To<\/span>\n    <span>23.10.<\/span>\n    <\/p>                  <h2>Timo Lehesvirta<\/h2><p>Johtava luontoasiantuntija <\/p><p>Mets\u00e4 Group<\/p>              <\/div>\n\n            <\/li>\n          <\/ul>\n\n        <\/button>\n\n      \n        <button data-modal-trigger=\"speaker-event-6a96c33cc95ff\" aria-label=\"Puhuja, Katriina Soini\" class=\"smy-speakers__speaker \">\n\n          <ul>\n            <li>\n              <img decoding=\"async\" src=\"https:\/\/smy.fi\/metsapaivat\/wp-content\/uploads\/sites\/2\/2025\/09\/Katriina-Soini.jpg\" \/>            <\/li>\n            <li class=\"smy-speakers__details\">\n                <div>\n                  \n    <p class=\"smy-speakers__date\">\n    <span>To<\/span>\n    <span>23.10.<\/span>\n    <\/p>                  <h2>Katriina Soini<\/h2><p>Tutkimusprofessori <\/p><p>Luonnonvarakeskus<\/p>              <\/div>\n\n            <\/li>\n          <\/ul>\n\n        <\/button>\n\n      \n        <button data-modal-trigger=\"speaker-event-6a96c33cc9a18\" aria-label=\"Puhuja, Lotta Backlund\" class=\"smy-speakers__speaker \">\n\n          <ul>\n            <li>\n              <img decoding=\"async\" src=\"https:\/\/smy.fi\/metsapaivat\/wp-content\/uploads\/sites\/2\/2025\/10\/Lotta_Backlund_mv.jpg\" \/>            <\/li>\n            <li class=\"smy-speakers__details\">\n                <div>\n                  \n    <p class=\"smy-speakers__date\">\n    <span>To<\/span>\n    <span>23.10.<\/span>\n    <\/p>                  <h2>Lotta Backlund<\/h2><p>Director of Brand and Culture<\/p><p>Miltton<\/p>              <\/div>\n\n            <\/li>\n          <\/ul>\n\n        <\/button>\n\n      \n        <button data-modal-trigger=\"speaker-event-6a96c33cc9e0a\" aria-label=\"Puhuja, Lauri Saaristo\" class=\"smy-speakers__speaker \">\n\n          <ul>\n            <li>\n              <img decoding=\"async\" src=\"https:\/\/smy.fi\/metsapaivat\/wp-content\/uploads\/sites\/2\/2025\/10\/lauri-saaristo.jpg\" \/>            <\/li>\n            <li class=\"smy-speakers__details\">\n                <div>\n                  \n    <p class=\"smy-speakers__date\">\n    <span>To<\/span>\n    <span>23.10.<\/span>\n    <\/p>                  <h2>Lauri Saaristo<\/h2><p>Johtava asiantuntija<\/p><p>Tapio<\/p>              <\/div>\n\n            <\/li>\n          <\/ul>\n\n        <\/button>\n\n      \n        <button data-modal-trigger=\"speaker-event-6a96c33cca156\" aria-label=\"Puhuja, Riitta Raatikainen\" class=\"smy-speakers__speaker \">\n\n          <ul>\n            <li>\n              <img decoding=\"async\" src=\"https:\/\/smy.fi\/metsapaivat\/wp-content\/uploads\/sites\/2\/2025\/10\/raatikainen_riitta_800x800px.jpg\" \/>            <\/li>\n            <li class=\"smy-speakers__details\">\n                <div>\n                  \n    <p class=\"smy-speakers__date\">\n    <span>To<\/span>\n    <span>23.10.<\/span>\n    <\/p>                  <h2>Riitta Raatikainen<\/h2><p>Johtava asiantuntija<\/p><p>Tapio<\/p>              <\/div>\n\n            <\/li>\n          <\/ul>\n\n        <\/button>\n\n      \n        <button data-modal-trigger=\"speaker-event-6a96c33cca499\" aria-label=\"Puhuja, Tiina Ronkainen\" class=\"smy-speakers__speaker \">\n\n          <ul>\n            <li>\n              <img decoding=\"async\" src=\"https:\/\/smy.fi\/metsapaivat\/wp-content\/uploads\/sites\/2\/2025\/10\/tiina-ronkainen-nelio-vihrea-tausta-scaled.jpg\" \/>            <\/li>\n            <li class=\"smy-speakers__details\">\n                <div>\n                  \n    <p class=\"smy-speakers__date\">\n    <span>To<\/span>\n    <span>23.10.<\/span>\n    <\/p>                  <h2>Tiina Ronkainen<\/h2><p>Johtava asiantuntija<\/p><p>Tapio<\/p>              <\/div>\n\n            <\/li>\n          <\/ul>\n\n        <\/button>\n\n      \n        <article class=\"smy-speakers__last\">\n        <img decoding=\"async\" class=\"svg \" src=\"https:\/\/smy.fi\/metsapaivat\/wp-content\/themes\/pt-metsapaivat-theme\/assets\/img\/logo-metsapaivat-nega.svg\" alt=\"Mets\u00e4p\u00e4iv\u00e4t logo\">\n        <\/article>\n            <\/div>\n\n    <script type=\"text\/javascript\">\n\n    <\/script>\n\n  <\/section>\n\n\n  <section class=\"smy-speaker-modals\">\n    \n      <aside data-modal-id=\"speaker-event-6a96c33cc2158\" class=\"speaker-modal speaker-modal--hidden speaker-modal--keynote\">\n        <div class=\"speaker-modal__bg\"><\/div>\n        <div class=\"speaker-modal__content \">\n          <div class=\"speaker-modal__close\">\n            <button data-exit-modal-id=\"speaker-event-6a96c33cc2158\" alt=\"sulje ikkuna\"><span><\/span><\/button>\n          <\/div>\n\n          <ul class=\"speaker-modal__content-layout\">\n            <li>\n              <div class=\"speaker-modal__image\">\n                <img decoding=\"async\" src=\"https:\/\/smy.fi\/metsapaivat\/wp-content\/uploads\/sites\/2\/2025\/08\/Maria-Ritola-2.jpg\" \/>              <\/div>\n            <\/li>\n            <li>\n              <ul class=\"speaker-modal__content-upper\">\n                <li>\n                  <div>\n                    \n    <p class=\"speaker-modal__date\">\n    <span>To<\/span>\n    <span>23.10.<\/span>\n    <\/p>                    <\/div>\n                  <div>\n                    <h2>Maria Ritola<\/h2><p>Teknologiavaikuttaja<\/p>                  <\/div>\n                <\/li>\n                <li>\n                  \n                  <p><p>Kongressisali A klo 16.00\u201316.45<\/p>\n<\/p>                <\/li>\n              <\/ul>\n            <\/li>\n\n          <\/ul>\n\n        <\/div>\n      <\/aside>\n    \n      <aside data-modal-id=\"speaker-event-6a96c33cc264d\" class=\"speaker-modal speaker-modal--hidden \">\n        <div class=\"speaker-modal__bg\"><\/div>\n        <div class=\"speaker-modal__content \">\n          <div class=\"speaker-modal__close\">\n            <button data-exit-modal-id=\"speaker-event-6a96c33cc264d\" alt=\"sulje ikkuna\"><span><\/span><\/button>\n          <\/div>\n\n          <ul class=\"speaker-modal__content-layout\">\n            <li>\n              <div class=\"speaker-modal__image\">\n                <img decoding=\"async\" src=\"https:\/\/smy.fi\/metsapaivat\/wp-content\/uploads\/sites\/2\/2025\/08\/aalto_university_professor_monika_osterberg_03-11-2021_by_jaakko_kahilaniemi-1.jpg\" \/>              <\/div>\n            <\/li>\n            <li>\n              <ul class=\"speaker-modal__content-upper\">\n                <li>\n                  <div>\n                    \n    <p class=\"speaker-modal__date\">\n    <span>To<\/span>\n    <span>23.10.<\/span>\n    <\/p>                    <\/div>\n                  <div>\n                    <h2>Monika \u00d6sterberg<\/h2><p>Professori <\/p><p>FinnCERES Scientific PI, Mets\u00e4biotalouden tiedepaneelin j\u00e4sen<\/p>                  <\/div>\n                <\/li>\n                <li>\n                  \n                  <p><p>Kongressisali B klo 13.00\u201313.25<\/p>\n<\/p>                <\/li>\n              <\/ul>\n            <\/li>\n\n          <\/ul>\n\n        <\/div>\n      <\/aside>\n    \n      <aside data-modal-id=\"speaker-event-6a96c33cc2a12\" class=\"speaker-modal speaker-modal--hidden \">\n        <div class=\"speaker-modal__bg\"><\/div>\n        <div class=\"speaker-modal__content \">\n          <div class=\"speaker-modal__close\">\n            <button data-exit-modal-id=\"speaker-event-6a96c33cc2a12\" alt=\"sulje ikkuna\"><span><\/span><\/button>\n          <\/div>\n\n          <ul class=\"speaker-modal__content-layout\">\n            <li>\n              <div class=\"speaker-modal__image\">\n                <img decoding=\"async\" src=\"https:\/\/smy.fi\/metsapaivat\/wp-content\/uploads\/sites\/2\/2025\/08\/katriina_kasvokuva.jpg\" \/>              <\/div>\n            <\/li>\n            <li>\n              <ul class=\"speaker-modal__content-upper\">\n                <li>\n                  <div>\n                    \n    <p class=\"speaker-modal__date\">\n    <span>To<\/span>\n    <span>23.10.<\/span>\n    <\/p>                    <\/div>\n                  <div>\n                    <h2>Katriina Valkeap\u00e4\u00e4   <\/h2><p>Tuoteasiantuntija<\/p><p>Mets\u00e4teollisuus ry<\/p>                  <\/div>\n                <\/li>\n                <li>\n                  \n                  <p><p>Yhdistetyt salit 22\u201324 klo 9.30\u20139.55<\/p>\n<\/p>                <\/li>\n              <\/ul>\n            <\/li>\n\n          <\/ul>\n\n        <\/div>\n      <\/aside>\n    \n      <aside data-modal-id=\"speaker-event-6a96c33cc2dfb\" class=\"speaker-modal speaker-modal--hidden \">\n        <div class=\"speaker-modal__bg\"><\/div>\n        <div class=\"speaker-modal__content \">\n          <div class=\"speaker-modal__close\">\n            <button data-exit-modal-id=\"speaker-event-6a96c33cc2dfb\" alt=\"sulje ikkuna\"><span><\/span><\/button>\n          <\/div>\n\n          <ul class=\"speaker-modal__content-layout\">\n            <li>\n              <div class=\"speaker-modal__image\">\n                <img decoding=\"async\" src=\"https:\/\/smy.fi\/metsapaivat\/wp-content\/uploads\/sites\/2\/2025\/08\/villekankarephoto_maastotyot-8.jpg\" \/>              <\/div>\n            <\/li>\n            <li>\n              <ul class=\"speaker-modal__content-upper\">\n                <li>\n                  <div>\n                    \n    <p class=\"speaker-modal__date\">\n    <span>To<\/span>\n    <span>23.10.<\/span>\n    <\/p>                    <\/div>\n                  <div>\n                    <h2>Ville Kankare<\/h2><p>Yliopistotutkija<\/p><p>UNITE lippulaiva<\/p>                  <\/div>\n                <\/li>\n                <li>\n                  \n                  <p><p>Kongressisali A klo 13.00\u201313.25<\/p>\n<\/p>                <\/li>\n              <\/ul>\n            <\/li>\n\n          <\/ul>\n\n        <\/div>\n      <\/aside>\n    \n      <aside data-modal-id=\"speaker-event-6a96c33cc31fe\" class=\"speaker-modal speaker-modal--hidden \">\n        <div class=\"speaker-modal__bg\"><\/div>\n        <div class=\"speaker-modal__content \">\n          <div class=\"speaker-modal__close\">\n            <button data-exit-modal-id=\"speaker-event-6a96c33cc31fe\" alt=\"sulje ikkuna\"><span><\/span><\/button>\n          <\/div>\n\n          <ul class=\"speaker-modal__content-layout\">\n            <li>\n              <div class=\"speaker-modal__image\">\n                <img decoding=\"async\" src=\"https:\/\/smy.fi\/metsapaivat\/wp-content\/uploads\/sites\/2\/2025\/08\/sanna-harkonen.jpg\" \/>              <\/div>\n            <\/li>\n            <li>\n              <ul class=\"speaker-modal__content-upper\">\n                <li>\n                  <div>\n                    \n    <p class=\"speaker-modal__date\">\n    <span>To<\/span>\n    <span>23.10.<\/span>\n    <\/p>                    <\/div>\n                  <div>\n                    <h2>Sanna H\u00e4rk\u00f6nen<\/h2><p>Tuotep\u00e4\u00e4llikk\u00f6<\/p><p>Sitowise Oy<\/p>                  <\/div>\n                <\/li>\n                <li>\n                  \n                  <p><p>Kongressisali B klo 9.30\u20139.55<\/p>\n<\/p>                <\/li>\n              <\/ul>\n            <\/li>\n\n          <\/ul>\n\n        <\/div>\n      <\/aside>\n    \n      <aside data-modal-id=\"speaker-event-6a96c33cc361e\" class=\"speaker-modal speaker-modal--hidden \">\n        <div class=\"speaker-modal__bg\"><\/div>\n        <div class=\"speaker-modal__content \">\n          <div class=\"speaker-modal__close\">\n            <button data-exit-modal-id=\"speaker-event-6a96c33cc361e\" alt=\"sulje ikkuna\"><span><\/span><\/button>\n          <\/div>\n\n          <ul class=\"speaker-modal__content-layout\">\n            <li>\n              <div class=\"speaker-modal__image\">\n                <img decoding=\"async\" src=\"https:\/\/smy.fi\/metsapaivat\/wp-content\/uploads\/sites\/2\/2025\/08\/peltonen-mikko_hk2023.jpg\" \/>              <\/div>\n            <\/li>\n            <li>\n              <ul class=\"speaker-modal__content-upper\">\n                <li>\n                  <div>\n                    \n    <p class=\"speaker-modal__date\">\n    <span>To<\/span>\n    <span>23.10.<\/span>\n    <\/p>                    <\/div>\n                  <div>\n                    <h2>Mikko Peltonen<\/h2><p>Tutkimusjohtaja<\/p><p>Maa- ja mets\u00e4talousministeri\u00f6<\/p>                  <\/div>\n                <\/li>\n                <li>\n                  \n                  <p><p>Yhdistetyt salit 22\u201324 klo 10.40\u201311.05<\/p>\n<\/p>                <\/li>\n              <\/ul>\n            <\/li>\n\n          <\/ul>\n\n        <\/div>\n      <\/aside>\n    \n      <aside data-modal-id=\"speaker-event-6a96c33cc39be\" class=\"speaker-modal speaker-modal--hidden \">\n        <div class=\"speaker-modal__bg\"><\/div>\n        <div class=\"speaker-modal__content \">\n          <div class=\"speaker-modal__close\">\n            <button data-exit-modal-id=\"speaker-event-6a96c33cc39be\" alt=\"sulje ikkuna\"><span><\/span><\/button>\n          <\/div>\n\n          <ul class=\"speaker-modal__content-layout\">\n            <li>\n              <div class=\"speaker-modal__image\">\n                <img decoding=\"async\" src=\"https:\/\/smy.fi\/metsapaivat\/wp-content\/uploads\/sites\/2\/2025\/08\/pekkapesonen.jpg\" \/>              <\/div>\n            <\/li>\n            <li>\n              <ul class=\"speaker-modal__content-upper\">\n                <li>\n                  <div>\n                    \n    <p class=\"speaker-modal__date\">\n    <span>To<\/span>\n    <span>23.10.<\/span>\n    <\/p>                    <\/div>\n                  <div>\n                    <h2>Pekka Pesonen<\/h2><p>Kansliap\u00e4\u00e4llikk\u00f6<\/p><p>Maa- ja mets\u00e4talousministeri\u00f6<\/p>                  <\/div>\n                <\/li>\n                <li>\n                  \n                  <p><p>Kongressisali A klo 14.10\u201315.10<\/p>\n<\/p>                <\/li>\n              <\/ul>\n            <\/li>\n\n          <\/ul>\n\n        <\/div>\n      <\/aside>\n    \n      <aside data-modal-id=\"speaker-event-6a96c33cc3d46\" class=\"speaker-modal speaker-modal--hidden \">\n        <div class=\"speaker-modal__bg\"><\/div>\n        <div class=\"speaker-modal__content \">\n          <div class=\"speaker-modal__close\">\n            <button data-exit-modal-id=\"speaker-event-6a96c33cc3d46\" alt=\"sulje ikkuna\"><span><\/span><\/button>\n          <\/div>\n\n          <ul class=\"speaker-modal__content-layout\">\n            <li>\n              <div class=\"speaker-modal__image\">\n                <img decoding=\"async\" src=\"https:\/\/smy.fi\/metsapaivat\/wp-content\/uploads\/sites\/2\/2025\/08\/panu-halme_2-by-vilja-pursiainen.jpg\" \/>              <\/div>\n            <\/li>\n            <li>\n              <ul class=\"speaker-modal__content-upper\">\n                <li>\n                  <div>\n                    \n    <p class=\"speaker-modal__date\">\n    <span>To<\/span>\n    <span>23.10.<\/span>\n    <\/p>                    <\/div>\n                  <div>\n                    <h2>Panu Halme<\/h2><p>Dosentti, yliopistolehtori<\/p>                  <\/div>\n                <\/li>\n                <li>\n                  \n                  <p><p>Helsinki-sali klo 14.00\u201314.45<\/p>\n<\/p>                <\/li>\n              <\/ul>\n            <\/li>\n\n          <\/ul>\n\n        <\/div>\n      <\/aside>\n    \n      <aside data-modal-id=\"speaker-event-6a96c33cc402c\" class=\"speaker-modal speaker-modal--hidden \">\n        <div class=\"speaker-modal__bg\"><\/div>\n        <div class=\"speaker-modal__content \">\n          <div class=\"speaker-modal__close\">\n            <button data-exit-modal-id=\"speaker-event-6a96c33cc402c\" alt=\"sulje ikkuna\"><span><\/span><\/button>\n          <\/div>\n\n          <ul class=\"speaker-modal__content-layout\">\n            <li>\n              <div class=\"speaker-modal__image\">\n                <img decoding=\"async\" src=\"https:\/\/smy.fi\/metsapaivat\/wp-content\/uploads\/sites\/2\/2025\/08\/oguz-oz-buruk.jpg\" \/>              <\/div>\n            <\/li>\n            <li>\n              <ul class=\"speaker-modal__content-upper\">\n                <li>\n                  <div>\n                    \n    <p class=\"speaker-modal__date\">\n    <span>To<\/span>\n    <span>23.10.<\/span>\n    <\/p>                    <\/div>\n                  <div>\n                    <h2>O\u011fuz \u2019Oz\u2019 Buruk<\/h2><p>PhD, Assistant Professor of Gameful Experience <\/p><p>UNITE Flagship<\/p>                  <\/div>\n                <\/li>\n                <li>\n                  \n                  <p><p>Yhdistetyt salit 22\u201324 klo 14.10\u201314.35<\/p>\n<\/p>                <\/li>\n              <\/ul>\n            <\/li>\n\n          <\/ul>\n\n        <\/div>\n      <\/aside>\n    \n      <aside data-modal-id=\"speaker-event-6a96c33cc43de\" class=\"speaker-modal speaker-modal--hidden \">\n        <div class=\"speaker-modal__bg\"><\/div>\n        <div class=\"speaker-modal__content \">\n          <div class=\"speaker-modal__close\">\n            <button data-exit-modal-id=\"speaker-event-6a96c33cc43de\" alt=\"sulje ikkuna\"><span><\/span><\/button>\n          <\/div>\n\n          <ul class=\"speaker-modal__content-layout\">\n            <li>\n              <div class=\"speaker-modal__image\">\n                <img decoding=\"async\" src=\"https:\/\/smy.fi\/metsapaivat\/wp-content\/uploads\/sites\/2\/2025\/08\/mikko_peltsi_peltola_kuvaaja-sariforsman.jpg\" \/>              <\/div>\n            <\/li>\n            <li>\n              <ul class=\"speaker-modal__content-upper\">\n                <li>\n                  <div>\n                    \n    <p class=\"speaker-modal__date\">\n    <span>To<\/span>\n    <span>23.10.<\/span>\n    <\/p>                    <\/div>\n                  <div>\n                    <h2>Mikko &#8221;Peltsi&#8221; Peltonen<\/h2><p>Juontaja<\/p>                  <\/div>\n                <\/li>\n                <li>\n                  \n                  <p><p>Kongressisali B klo 10.40\u201311.40<\/p>\n<\/p>                <\/li>\n              <\/ul>\n            <\/li>\n\n          <\/ul>\n\n        <\/div>\n      <\/aside>\n    \n      <aside data-modal-id=\"speaker-event-6a96c33cc4730\" class=\"speaker-modal speaker-modal--hidden \">\n        <div class=\"speaker-modal__bg\"><\/div>\n        <div class=\"speaker-modal__content \">\n          <div class=\"speaker-modal__close\">\n            <button data-exit-modal-id=\"speaker-event-6a96c33cc4730\" alt=\"sulje ikkuna\"><span><\/span><\/button>\n          <\/div>\n\n          <ul class=\"speaker-modal__content-layout\">\n            <li>\n              <div class=\"speaker-modal__image\">\n                <img decoding=\"async\" src=\"https:\/\/smy.fi\/metsapaivat\/wp-content\/uploads\/sites\/2\/2025\/08\/mikko_ohela_ohela-consulting-horizontal.jpg\" \/>              <\/div>\n            <\/li>\n            <li>\n              <ul class=\"speaker-modal__content-upper\">\n                <li>\n                  <div>\n                    \n    <p class=\"speaker-modal__date\">\n    <span>To<\/span>\n    <span>23.10.<\/span>\n    <\/p>                    <\/div>\n                  <div>\n                    <h2>Mikko Ohela<\/h2><p>Konsultti<\/p><p>Ohela Consulting<\/p>                  <\/div>\n                <\/li>\n                <li>\n                  \n                  <p><p>Yhdistetyt salit 22\u201324 klo 10.05\u201310.30<\/p>\n<\/p>                <\/li>\n              <\/ul>\n            <\/li>\n\n          <\/ul>\n\n        <\/div>\n      <\/aside>\n    \n      <aside data-modal-id=\"speaker-event-6a96c33cc4ac0\" class=\"speaker-modal speaker-modal--hidden \">\n        <div class=\"speaker-modal__bg\"><\/div>\n        <div class=\"speaker-modal__content \">\n          <div class=\"speaker-modal__close\">\n            <button data-exit-modal-id=\"speaker-event-6a96c33cc4ac0\" alt=\"sulje ikkuna\"><span><\/span><\/button>\n          <\/div>\n\n          <ul class=\"speaker-modal__content-layout\">\n            <li>\n              <div class=\"speaker-modal__image\">\n                <img decoding=\"async\" src=\"https:\/\/smy.fi\/metsapaivat\/wp-content\/uploads\/sites\/2\/2025\/08\/mika_kallio_2015.jpg\" \/>              <\/div>\n            <\/li>\n            <li>\n              <ul class=\"speaker-modal__content-upper\">\n                <li>\n                  <div>\n                    \n    <p class=\"speaker-modal__date\">\n    <span>To<\/span>\n    <span>23.10.<\/span>\n    <\/p>                    <\/div>\n                  <div>\n                    <h2>Mika Kallio<\/h2><p> Hankekoordinaattori <\/p><p>Maa- ja mets\u00e4talousministeri\u00f6<\/p>                  <\/div>\n                <\/li>\n                <li>\n                  \n                  <p><p>Yhdistetyt salit 22\u201324 klo 10.40\u201311.05<\/p>\n<\/p>                <\/li>\n              <\/ul>\n            <\/li>\n\n          <\/ul>\n\n        <\/div>\n      <\/aside>\n    \n      <aside data-modal-id=\"speaker-event-6a96c33cc4e20\" class=\"speaker-modal speaker-modal--hidden \">\n        <div class=\"speaker-modal__bg\"><\/div>\n        <div class=\"speaker-modal__content \">\n          <div class=\"speaker-modal__close\">\n            <button data-exit-modal-id=\"speaker-event-6a96c33cc4e20\" alt=\"sulje ikkuna\"><span><\/span><\/button>\n          <\/div>\n\n          <ul class=\"speaker-modal__content-layout\">\n            <li>\n              <div class=\"speaker-modal__image\">\n                <img decoding=\"async\" src=\"https:\/\/smy.fi\/metsapaivat\/wp-content\/uploads\/sites\/2\/2025\/08\/kristamikkonen.jpg\" \/>              <\/div>\n            <\/li>\n            <li>\n              <ul class=\"speaker-modal__content-upper\">\n                <li>\n                  <div>\n                    \n    <p class=\"speaker-modal__date\">\n    <span>To<\/span>\n    <span>23.10.<\/span>\n    <\/p>                    <\/div>\n                  <div>\n                    <h2>Krista Mikkonen<\/h2><p>Kansanedustaja<\/p>                  <\/div>\n                <\/li>\n                <li>\n                  \n                  <p><p>Kongressisali A klo 14.10\u201315.10<\/p>\n<\/p>                <\/li>\n              <\/ul>\n            <\/li>\n\n          <\/ul>\n\n        <\/div>\n      <\/aside>\n    \n      <aside data-modal-id=\"speaker-event-6a96c33cc5164\" class=\"speaker-modal speaker-modal--hidden \">\n        <div class=\"speaker-modal__bg\"><\/div>\n        <div class=\"speaker-modal__content \">\n          <div class=\"speaker-modal__close\">\n            <button data-exit-modal-id=\"speaker-event-6a96c33cc5164\" alt=\"sulje ikkuna\"><span><\/span><\/button>\n          <\/div>\n\n          <ul class=\"speaker-modal__content-layout\">\n            <li>\n              <div class=\"speaker-modal__image\">\n                <img decoding=\"async\" src=\"https:\/\/smy.fi\/metsapaivat\/wp-content\/uploads\/sites\/2\/2025\/08\/kalle-karha.jpg\" \/>              <\/div>\n            <\/li>\n            <li>\n              <ul class=\"speaker-modal__content-upper\">\n                <li>\n                  <div>\n                    \n    <p class=\"speaker-modal__date\">\n    <span>To<\/span>\n    <span>23.10.<\/span>\n    <\/p>                    <\/div>\n                  <div>\n                    <h2>Kalle K\u00e4rh\u00e4<\/h2><p>Professori<\/p><p>UNITE lippulaiva<\/p>                  <\/div>\n                <\/li>\n                <li>\n                  \n                  <p><p>Kongressisali B klo 13.35\u201314.00<\/p>\n<\/p>                <\/li>\n              <\/ul>\n            <\/li>\n\n          <\/ul>\n\n        <\/div>\n      <\/aside>\n    \n      <aside data-modal-id=\"speaker-event-6a96c33cc54d7\" class=\"speaker-modal speaker-modal--hidden \">\n        <div class=\"speaker-modal__bg\"><\/div>\n        <div class=\"speaker-modal__content \">\n          <div class=\"speaker-modal__close\">\n            <button data-exit-modal-id=\"speaker-event-6a96c33cc54d7\" alt=\"sulje ikkuna\"><span><\/span><\/button>\n          <\/div>\n\n          <ul class=\"speaker-modal__content-layout\">\n            <li>\n              <div class=\"speaker-modal__image\">\n                <img decoding=\"async\" src=\"https:\/\/smy.fi\/metsapaivat\/wp-content\/uploads\/sites\/2\/2025\/08\/jyriseppala.jpg\" \/>              <\/div>\n            <\/li>\n            <li>\n              <ul class=\"speaker-modal__content-upper\">\n                <li>\n                  <div>\n                    \n    <p class=\"speaker-modal__date\">\n    <span>To<\/span>\n    <span>23.10.<\/span>\n    <\/p>                    <\/div>\n                  <div>\n                    <h2>Jyri Sepp\u00e4l\u00e4<\/h2><p>Ilmastopaneelin pj. <\/p>                  <\/div>\n                <\/li>\n                <li>\n                  \n                  <p><p>Kongressisali A klo 14.10\u201315.10<\/p>\n<\/p>                <\/li>\n              <\/ul>\n            <\/li>\n\n          <\/ul>\n\n        <\/div>\n      <\/aside>\n    \n      <aside data-modal-id=\"speaker-event-6a96c33cc5837\" class=\"speaker-modal speaker-modal--hidden \">\n        <div class=\"speaker-modal__bg\"><\/div>\n        <div class=\"speaker-modal__content \">\n          <div class=\"speaker-modal__close\">\n            <button data-exit-modal-id=\"speaker-event-6a96c33cc5837\" alt=\"sulje ikkuna\"><span><\/span><\/button>\n          <\/div>\n\n          <ul class=\"speaker-modal__content-layout\">\n            <li>\n              <div class=\"speaker-modal__image\">\n                <img decoding=\"async\" src=\"https:\/\/smy.fi\/metsapaivat\/wp-content\/uploads\/sites\/2\/2025\/08\/johanna_haapala_luontoa.jpg\" \/>              <\/div>\n            <\/li>\n            <li>\n              <ul class=\"speaker-modal__content-upper\">\n                <li>\n                  <div>\n                    \n    <p class=\"speaker-modal__date\">\n    <span>To<\/span>\n    <span>23.10.<\/span>\n    <\/p>                    <\/div>\n                  <div>\n                    <h2>Johanna Haapala <\/h2><p>Johtava konsultti<\/p><p>Luontoa Oy<\/p>                  <\/div>\n                <\/li>\n                <li>\n                  \n                  <p><p>Helsinki-sali klo 14.00\u201314.45<\/p>\n<\/p>                <\/li>\n              <\/ul>\n            <\/li>\n\n          <\/ul>\n\n        <\/div>\n      <\/aside>\n    \n      <aside data-modal-id=\"speaker-event-6a96c33cc5bb7\" class=\"speaker-modal speaker-modal--hidden \">\n        <div class=\"speaker-modal__bg\"><\/div>\n        <div class=\"speaker-modal__content \">\n          <div class=\"speaker-modal__close\">\n            <button data-exit-modal-id=\"speaker-event-6a96c33cc5bb7\" alt=\"sulje ikkuna\"><span><\/span><\/button>\n          <\/div>\n\n          <ul class=\"speaker-modal__content-layout\">\n            <li>\n              <div class=\"speaker-modal__image\">\n                <img decoding=\"async\" src=\"https:\/\/smy.fi\/metsapaivat\/wp-content\/uploads\/sites\/2\/2025\/08\/henna_hurttala_TTS.jpg\" \/>              <\/div>\n            <\/li>\n            <li>\n              <ul class=\"speaker-modal__content-upper\">\n                <li>\n                  <div>\n                    \n    <p class=\"speaker-modal__date\">\n    <span>To<\/span>\n    <span>23.10.<\/span>\n    <\/p>                    <\/div>\n                  <div>\n                    <h2>Henna Hurttala<\/h2><p>Yksik\u00f6n johtaja<\/p><p>TTS, Mets\u00e4alan EU-akatemia <\/p>                  <\/div>\n                <\/li>\n                <li>\n                  \n                  <p><p>Yhdistetyt salit 22\u201324 klo 10.05\u201310.30<\/p>\n<\/p>                <\/li>\n              <\/ul>\n            <\/li>\n\n          <\/ul>\n\n        <\/div>\n      <\/aside>\n    \n      <aside data-modal-id=\"speaker-event-6a96c33cc5f00\" class=\"speaker-modal speaker-modal--hidden \">\n        <div class=\"speaker-modal__bg\"><\/div>\n        <div class=\"speaker-modal__content \">\n          <div class=\"speaker-modal__close\">\n            <button data-exit-modal-id=\"speaker-event-6a96c33cc5f00\" alt=\"sulje ikkuna\"><span><\/span><\/button>\n          <\/div>\n\n          <ul class=\"speaker-modal__content-layout\">\n            <li>\n              <div class=\"speaker-modal__image\">\n                <img decoding=\"async\" src=\"https:\/\/smy.fi\/metsapaivat\/wp-content\/uploads\/sites\/2\/2025\/08\/heikkihyyti_with_tls_in_forest.jpg\" \/>              <\/div>\n            <\/li>\n            <li>\n              <ul class=\"speaker-modal__content-upper\">\n                <li>\n                  <div>\n                    \n    <p class=\"speaker-modal__date\">\n    <span>To<\/span>\n    <span>23.10.<\/span>\n    <\/p>                    <\/div>\n                  <div>\n                    <h2>Heikki Hyyti<\/h2><p>Vanhempi tutkija<\/p><p>UNITE lippulaiva<\/p>                  <\/div>\n                <\/li>\n                <li>\n                  \n                  <p><p>Kongressisali A klo 13.00\u201313.25<\/p>\n<\/p>                <\/li>\n              <\/ul>\n            <\/li>\n\n          <\/ul>\n\n        <\/div>\n      <\/aside>\n    \n      <aside data-modal-id=\"speaker-event-6a96c33cc621f\" class=\"speaker-modal speaker-modal--hidden \">\n        <div class=\"speaker-modal__bg\"><\/div>\n        <div class=\"speaker-modal__content \">\n          <div class=\"speaker-modal__close\">\n            <button data-exit-modal-id=\"speaker-event-6a96c33cc621f\" alt=\"sulje ikkuna\"><span><\/span><\/button>\n          <\/div>\n\n          <ul class=\"speaker-modal__content-layout\">\n            <li>\n              <div class=\"speaker-modal__image\">\n                <img decoding=\"async\" src=\"https:\/\/smy.fi\/metsapaivat\/wp-content\/uploads\/sites\/2\/2025\/08\/hannulehtonen-01.jpg\" \/>              <\/div>\n            <\/li>\n            <li>\n              <ul class=\"speaker-modal__content-upper\">\n                <li>\n                  <div>\n                    \n    <p class=\"speaker-modal__date\">\n    <span>To<\/span>\n    <span>23.10.<\/span>\n    <\/p>                    <\/div>\n                  <div>\n                    <h2>Hannu Lehtonen<\/h2><p>Metsienk\u00e4ytt\u00f6- ja suunnittelujohtaja <\/p><p>Mets\u00e4hallitus Mets\u00e4talous Oy <\/p>                  <\/div>\n                <\/li>\n                <li>\n                  \n                  <p><p>Kongressisali A klo 13.35\u201314.00<\/p>\n<\/p>                <\/li>\n              <\/ul>\n            <\/li>\n\n          <\/ul>\n\n        <\/div>\n      <\/aside>\n    \n      <aside data-modal-id=\"speaker-event-6a96c33cc657e\" class=\"speaker-modal speaker-modal--hidden \">\n        <div class=\"speaker-modal__bg\"><\/div>\n        <div class=\"speaker-modal__content \">\n          <div class=\"speaker-modal__close\">\n            <button data-exit-modal-id=\"speaker-event-6a96c33cc657e\" alt=\"sulje ikkuna\"><span><\/span><\/button>\n          <\/div>\n\n          <ul class=\"speaker-modal__content-layout\">\n            <li>\n              <div class=\"speaker-modal__image\">\n                <img decoding=\"async\" src=\"https:\/\/smy.fi\/metsapaivat\/wp-content\/uploads\/sites\/2\/2025\/08\/eshtiak-ahmed.jpg\" \/>              <\/div>\n            <\/li>\n            <li>\n              <ul class=\"speaker-modal__content-upper\">\n                <li>\n                  <div>\n                    \n    <p class=\"speaker-modal__date\">\n    <span>To<\/span>\n    <span>23.10.<\/span>\n    <\/p>                    <\/div>\n                  <div>\n                    <h2>Ahmed Eshtiak<\/h2><p>Doctoral Researcher<\/p><p>UNITE Flagship<\/p>                  <\/div>\n                <\/li>\n                <li>\n                  \n                  <p><p><em>Yhdistetyt salit 22\u201324 <\/em>klo 14.10\u201314.35<\/p>\n<\/p>                <\/li>\n              <\/ul>\n            <\/li>\n\n          <\/ul>\n\n        <\/div>\n      <\/aside>\n    \n      <aside data-modal-id=\"speaker-event-6a96c33cc6949\" class=\"speaker-modal speaker-modal--hidden \">\n        <div class=\"speaker-modal__bg\"><\/div>\n        <div class=\"speaker-modal__content \">\n          <div class=\"speaker-modal__close\">\n            <button data-exit-modal-id=\"speaker-event-6a96c33cc6949\" alt=\"sulje ikkuna\"><span><\/span><\/button>\n          <\/div>\n\n          <ul class=\"speaker-modal__content-layout\">\n            <li>\n              <div class=\"speaker-modal__image\">\n                <img decoding=\"async\" src=\"https:\/\/smy.fi\/metsapaivat\/wp-content\/uploads\/sites\/2\/2025\/08\/elina-koskimaki.jpg\" \/>              <\/div>\n            <\/li>\n            <li>\n              <ul class=\"speaker-modal__content-upper\">\n                <li>\n                  <div>\n                    \n    <p class=\"speaker-modal__date\">\n    <span>To<\/span>\n    <span>23.10.<\/span>\n    <\/p>                    <\/div>\n                  <div>\n                    <h2>Elina Koskim\u00e4ki<\/h2><p>Tuotep\u00e4\u00e4llikk\u00f6<\/p><p>Sitowise Oy<\/p>                  <\/div>\n                <\/li>\n                <li>\n                  \n                  <p><p>Kongressisali B klo 9.30\u20139.55<\/p>\n<\/p>                <\/li>\n              <\/ul>\n            <\/li>\n\n          <\/ul>\n\n        <\/div>\n      <\/aside>\n    \n      <aside data-modal-id=\"speaker-event-6a96c33cc6d36\" class=\"speaker-modal speaker-modal--hidden \">\n        <div class=\"speaker-modal__bg\"><\/div>\n        <div class=\"speaker-modal__content \">\n          <div class=\"speaker-modal__close\">\n            <button data-exit-modal-id=\"speaker-event-6a96c33cc6d36\" alt=\"sulje ikkuna\"><span><\/span><\/button>\n          <\/div>\n\n          <ul class=\"speaker-modal__content-layout\">\n            <li>\n              <div class=\"speaker-modal__image\">\n                <img decoding=\"async\" src=\"https:\/\/smy.fi\/metsapaivat\/wp-content\/uploads\/sites\/2\/2025\/08\/claudia_kovacs.jpg\" \/>              <\/div>\n            <\/li>\n            <li>\n              <ul class=\"speaker-modal__content-upper\">\n                <li>\n                  <div>\n                    \n    <p class=\"speaker-modal__date\">\n    <span>To<\/span>\n    <span>23.10.<\/span>\n    <\/p>                    <\/div>\n                  <div>\n                    <h2>Claudia Kov\u00e1cs<\/h2><p>V\u00e4it\u00f6skirjatutkija<\/p>                  <\/div>\n                <\/li>\n                <li>\n                  \n                  <p><p>Helsinki-salo klo 14.00\u201314.45<\/p>\n<\/p>                <\/li>\n              <\/ul>\n            <\/li>\n\n          <\/ul>\n\n        <\/div>\n      <\/aside>\n    \n      <aside data-modal-id=\"speaker-event-6a96c33cc7157\" class=\"speaker-modal speaker-modal--hidden \">\n        <div class=\"speaker-modal__bg\"><\/div>\n        <div class=\"speaker-modal__content \">\n          <div class=\"speaker-modal__close\">\n            <button data-exit-modal-id=\"speaker-event-6a96c33cc7157\" alt=\"sulje ikkuna\"><span><\/span><\/button>\n          <\/div>\n\n          <ul class=\"speaker-modal__content-layout\">\n            <li>\n              <div class=\"speaker-modal__image\">\n                <img decoding=\"async\" src=\"https:\/\/smy.fi\/metsapaivat\/wp-content\/uploads\/sites\/2\/2025\/08\/christel-h-n-portratt_emma-buss.jpg\" \/>              <\/div>\n            <\/li>\n            <li>\n              <ul class=\"speaker-modal__content-upper\">\n                <li>\n                  <div>\n                    \n    <p class=\"speaker-modal__date\">\n    <span>To<\/span>\n    <span>23.10.<\/span>\n    <\/p>                    <\/div>\n                  <div>\n                    <h2>Christel Holmlund-Norr\u00e9n<\/h2><p>Vice ordf\u00f6rande<\/p><p>Skogsv\u00e5rdsf\u00f6reningen \u00d6sterbotten r.f. <\/p>                  <\/div>\n                <\/li>\n                <li>\n                  \n                  <p><p>Yhdistetyt salit 22\u201324, klo 14.45\u201315.10<\/p>\n<\/p>                <\/li>\n              <\/ul>\n            <\/li>\n\n          <\/ul>\n\n        <\/div>\n      <\/aside>\n    \n      <aside data-modal-id=\"speaker-event-6a96c33cc7572\" class=\"speaker-modal speaker-modal--hidden \">\n        <div class=\"speaker-modal__bg\"><\/div>\n        <div class=\"speaker-modal__content \">\n          <div class=\"speaker-modal__close\">\n            <button data-exit-modal-id=\"speaker-event-6a96c33cc7572\" alt=\"sulje ikkuna\"><span><\/span><\/button>\n          <\/div>\n\n          <ul class=\"speaker-modal__content-layout\">\n            <li>\n              <div class=\"speaker-modal__image\">\n                <img decoding=\"async\" src=\"https:\/\/smy.fi\/metsapaivat\/wp-content\/uploads\/sites\/2\/2025\/08\/bild-mirjami-olsson1.jpg\" \/>              <\/div>\n            <\/li>\n            <li>\n              <ul class=\"speaker-modal__content-upper\">\n                <li>\n                  <div>\n                    \n    <p class=\"speaker-modal__date\">\n    <span>To<\/span>\n    <span>23.10.<\/span>\n    <\/p>                    <\/div>\n                  <div>\n                    <h2>Mirjami Olsson<\/h2><p>Business Developer <\/p><p>Triona<\/p>                  <\/div>\n                <\/li>\n                <li>\n                  \n                  <p><p>Kongressisali B klo 14.10\u201314.35<\/p>\n<\/p>                <\/li>\n              <\/ul>\n            <\/li>\n\n          <\/ul>\n\n        <\/div>\n      <\/aside>\n    \n      <aside data-modal-id=\"speaker-event-6a96c33cc7959\" class=\"speaker-modal speaker-modal--hidden \">\n        <div class=\"speaker-modal__bg\"><\/div>\n        <div class=\"speaker-modal__content \">\n          <div class=\"speaker-modal__close\">\n            <button data-exit-modal-id=\"speaker-event-6a96c33cc7959\" alt=\"sulje ikkuna\"><span><\/span><\/button>\n          <\/div>\n\n          <ul class=\"speaker-modal__content-layout\">\n            <li>\n              <div class=\"speaker-modal__image\">\n                <img decoding=\"async\" src=\"https:\/\/smy.fi\/metsapaivat\/wp-content\/uploads\/sites\/2\/2025\/08\/anna-rosa-asikainen_valokuva-mtk_uusi.jpg\" \/>              <\/div>\n            <\/li>\n            <li>\n              <ul class=\"speaker-modal__content-upper\">\n                <li>\n                  <div>\n                    \n    <p class=\"speaker-modal__date\">\n    <span>To<\/span>\n    <span>23.10.<\/span>\n    <\/p>                    <\/div>\n                  <div>\n                    <h2>Anna-Rosa Asikainen<\/h2><p>Juristi<\/p><p>luonnonsuojelu, MTK ry  <\/p>                  <\/div>\n                <\/li>\n                <li>\n                  \n                  <p><p>Kongressisali A klo 13.35\u201314.00<\/p>\n<\/p>                <\/li>\n              <\/ul>\n            <\/li>\n\n          <\/ul>\n\n        <\/div>\n      <\/aside>\n    \n      <aside data-modal-id=\"speaker-event-6a96c33cc7d17\" class=\"speaker-modal speaker-modal--hidden \">\n        <div class=\"speaker-modal__bg\"><\/div>\n        <div class=\"speaker-modal__content \">\n          <div class=\"speaker-modal__close\">\n            <button data-exit-modal-id=\"speaker-event-6a96c33cc7d17\" alt=\"sulje ikkuna\"><span><\/span><\/button>\n          <\/div>\n\n          <ul class=\"speaker-modal__content-layout\">\n            <li>\n              <div class=\"speaker-modal__image\">\n                <img decoding=\"async\" src=\"https:\/\/smy.fi\/metsapaivat\/wp-content\/uploads\/sites\/2\/2025\/08\/hannelekyto-02.jpg\" \/>              <\/div>\n            <\/li>\n            <li>\n              <ul class=\"speaker-modal__content-upper\">\n                <li>\n                  <div>\n                    \n    <p class=\"speaker-modal__date\">\n    <span>To<\/span>\n    <span>23.10.<\/span>\n    <\/p>                    <\/div>\n                  <div>\n                    <h2>Hannele Kyt\u00f6<\/h2><p>Ymp\u00e4rist\u00f6asiantuntija<\/p><p>Mets\u00e4hallitus Mets\u00e4talous Oy<\/p>                  <\/div>\n                <\/li>\n                <li>\n                  \n                  <p><p>Kongressisali B klo 10.05\u201310.30<\/p>\n<\/p>                <\/li>\n              <\/ul>\n            <\/li>\n\n          <\/ul>\n\n        <\/div>\n      <\/aside>\n    \n      <aside data-modal-id=\"speaker-event-6a96c33cc8101\" class=\"speaker-modal speaker-modal--hidden \">\n        <div class=\"speaker-modal__bg\"><\/div>\n        <div class=\"speaker-modal__content \">\n          <div class=\"speaker-modal__close\">\n            <button data-exit-modal-id=\"speaker-event-6a96c33cc8101\" alt=\"sulje ikkuna\"><span><\/span><\/button>\n          <\/div>\n\n          <ul class=\"speaker-modal__content-layout\">\n            <li>\n              <div class=\"speaker-modal__image\">\n                <img decoding=\"async\" src=\"https:\/\/smy.fi\/metsapaivat\/wp-content\/uploads\/sites\/2\/2025\/09\/Samuli_Junttila_MV.jpg\" \/>              <\/div>\n            <\/li>\n            <li>\n              <ul class=\"speaker-modal__content-upper\">\n                <li>\n                  <div>\n                    \n    <p class=\"speaker-modal__date\">\n    <span>To<\/span>\n    <span>23.10.<\/span>\n    <\/p>                    <\/div>\n                  <div>\n                    <h2>Samuli Junttila<\/h2><p>Apulaisprofessori<\/p><p>Helsingin yliopisto<\/p>                  <\/div>\n                <\/li>\n                <li>\n                  \n                  <p><p>Yhdistetyt salit 22\u201324 klo 13\u201314<\/p>\n<\/p>                <\/li>\n              <\/ul>\n            <\/li>\n\n          <\/ul>\n\n        <\/div>\n      <\/aside>\n    \n      <aside data-modal-id=\"speaker-event-6a96c33cc8502\" class=\"speaker-modal speaker-modal--hidden \">\n        <div class=\"speaker-modal__bg\"><\/div>\n        <div class=\"speaker-modal__content \">\n          <div class=\"speaker-modal__close\">\n            <button data-exit-modal-id=\"speaker-event-6a96c33cc8502\" alt=\"sulje ikkuna\"><span><\/span><\/button>\n          <\/div>\n\n          <ul class=\"speaker-modal__content-layout\">\n            <li>\n              <div class=\"speaker-modal__image\">\n                <img decoding=\"async\" src=\"https:\/\/smy.fi\/metsapaivat\/wp-content\/uploads\/sites\/2\/2025\/09\/Paivi_Lyytikainen-Saarenmaa_MV.jpg\" \/>              <\/div>\n            <\/li>\n            <li>\n              <ul class=\"speaker-modal__content-upper\">\n                <li>\n                  <div>\n                    \n    <p class=\"speaker-modal__date\">\n    <span>To<\/span>\n    <span>23.10.<\/span>\n    <\/p>                    <\/div>\n                  <div>\n                    <h2>P\u00e4ivi Lyytik\u00e4inen-Saarenmaa<\/h2><p>Tutkimusp\u00e4\u00e4llikk\u00f6<\/p><p>Maanmittauslaitos, Paikkatietokeskus<\/p>                  <\/div>\n                <\/li>\n                <li>\n                  \n                  <p><p>Yhdistetyt salit 22\u201324 klo 13\u201314<\/p>\n<\/p>                <\/li>\n              <\/ul>\n            <\/li>\n\n          <\/ul>\n\n        <\/div>\n      <\/aside>\n    \n      <aside data-modal-id=\"speaker-event-6a96c33cc884b\" class=\"speaker-modal speaker-modal--hidden \">\n        <div class=\"speaker-modal__bg\"><\/div>\n        <div class=\"speaker-modal__content \">\n          <div class=\"speaker-modal__close\">\n            <button data-exit-modal-id=\"speaker-event-6a96c33cc884b\" alt=\"sulje ikkuna\"><span><\/span><\/button>\n          <\/div>\n\n          <ul class=\"speaker-modal__content-layout\">\n            <li>\n              <div class=\"speaker-modal__image\">\n                <img decoding=\"async\" src=\"https:\/\/smy.fi\/metsapaivat\/wp-content\/uploads\/sites\/2\/2025\/09\/Markus_Holopainen_MV.jpg\" \/>              <\/div>\n            <\/li>\n            <li>\n              <ul class=\"speaker-modal__content-upper\">\n                <li>\n                  <div>\n                    \n    <p class=\"speaker-modal__date\">\n    <span>To<\/span>\n    <span>23.10.<\/span>\n    <\/p>                    <\/div>\n                  <div>\n                    <h2>Markus Holopainen<\/h2><p>Professori<\/p><p>Helsingin yliopisto<\/p>                  <\/div>\n                <\/li>\n                <li>\n                  \n                  <p><p>Yhdistetyt salit 22\u201324 klo 13\u201314<\/p>\n<\/p>                <\/li>\n              <\/ul>\n            <\/li>\n\n          <\/ul>\n\n        <\/div>\n      <\/aside>\n    \n      <aside data-modal-id=\"speaker-event-6a96c33cc8c0d\" class=\"speaker-modal speaker-modal--hidden \">\n        <div class=\"speaker-modal__bg\"><\/div>\n        <div class=\"speaker-modal__content \">\n          <div class=\"speaker-modal__close\">\n            <button data-exit-modal-id=\"speaker-event-6a96c33cc8c0d\" alt=\"sulje ikkuna\"><span><\/span><\/button>\n          <\/div>\n\n          <ul class=\"speaker-modal__content-layout\">\n            <li>\n              <div class=\"speaker-modal__image\">\n                <img decoding=\"async\" src=\"https:\/\/smy.fi\/metsapaivat\/wp-content\/uploads\/sites\/2\/2025\/09\/Heli_Peltola_MV.jpg\" \/>              <\/div>\n            <\/li>\n            <li>\n              <ul class=\"speaker-modal__content-upper\">\n                <li>\n                  <div>\n                    \n    <p class=\"speaker-modal__date\">\n    <span>To<\/span>\n    <span>23.10.<\/span>\n    <\/p>                    <\/div>\n                  <div>\n                    <h2>Heli Peltola<\/h2><p>Professori<\/p><p>It\u00e4-Suomen yliopisto<\/p>                  <\/div>\n                <\/li>\n                <li>\n                  \n                  <p><p>Yhdistetyt salit 22\u201324 klo 13\u201314<\/p>\n<\/p>                <\/li>\n              <\/ul>\n            <\/li>\n\n          <\/ul>\n\n        <\/div>\n      <\/aside>\n    \n      <aside data-modal-id=\"speaker-event-6a96c33cc8f6f\" class=\"speaker-modal speaker-modal--hidden \">\n        <div class=\"speaker-modal__bg\"><\/div>\n        <div class=\"speaker-modal__content \">\n          <div class=\"speaker-modal__close\">\n            <button data-exit-modal-id=\"speaker-event-6a96c33cc8f6f\" alt=\"sulje ikkuna\"><span><\/span><\/button>\n          <\/div>\n\n          <ul class=\"speaker-modal__content-layout\">\n            <li>\n              <div class=\"speaker-modal__image\">\n                <img decoding=\"async\" src=\"https:\/\/smy.fi\/metsapaivat\/wp-content\/uploads\/sites\/2\/2025\/09\/Antero_Kukko2023_MV.jpg\" \/>              <\/div>\n            <\/li>\n            <li>\n              <ul class=\"speaker-modal__content-upper\">\n                <li>\n                  <div>\n                    \n    <p class=\"speaker-modal__date\">\n    <span>To<\/span>\n    <span>23.10.<\/span>\n    <\/p>                    <\/div>\n                  <div>\n                    <h2>Antero Kukko<\/h2><p>Professori<\/p><p>Maanmittauslaitos, Paikkatietokeskus<\/p>                  <\/div>\n                <\/li>\n                <li>\n                  \n                                  <\/li>\n              <\/ul>\n            <\/li>\n\n          <\/ul>\n\n        <\/div>\n      <\/aside>\n    \n      <aside data-modal-id=\"speaker-event-6a96c33cc92b6\" class=\"speaker-modal speaker-modal--hidden \">\n        <div class=\"speaker-modal__bg\"><\/div>\n        <div class=\"speaker-modal__content \">\n          <div class=\"speaker-modal__close\">\n            <button data-exit-modal-id=\"speaker-event-6a96c33cc92b6\" alt=\"sulje ikkuna\"><span><\/span><\/button>\n          <\/div>\n\n          <ul class=\"speaker-modal__content-layout\">\n            <li>\n              <div class=\"speaker-modal__image\">\n                <img decoding=\"async\" src=\"https:\/\/smy.fi\/metsapaivat\/wp-content\/uploads\/sites\/2\/2025\/09\/Lehesvirta.png\" \/>              <\/div>\n            <\/li>\n            <li>\n              <ul class=\"speaker-modal__content-upper\">\n                <li>\n                  <div>\n                    \n    <p class=\"speaker-modal__date\">\n    <span>To<\/span>\n    <span>23.10.<\/span>\n    <\/p>                    <\/div>\n                  <div>\n                    <h2>Timo Lehesvirta<\/h2><p>Johtava luontoasiantuntija <\/p><p>Mets\u00e4 Group<\/p>                  <\/div>\n                <\/li>\n                <li>\n                  \n                  <p><p>Keskustelulava klo 13.00\u201313.45<\/p>\n<\/p>                <\/li>\n              <\/ul>\n            <\/li>\n\n          <\/ul>\n\n        <\/div>\n      <\/aside>\n    \n      <aside data-modal-id=\"speaker-event-6a96c33cc95ff\" class=\"speaker-modal speaker-modal--hidden \">\n        <div class=\"speaker-modal__bg\"><\/div>\n        <div class=\"speaker-modal__content \">\n          <div class=\"speaker-modal__close\">\n            <button data-exit-modal-id=\"speaker-event-6a96c33cc95ff\" alt=\"sulje ikkuna\"><span><\/span><\/button>\n          <\/div>\n\n          <ul class=\"speaker-modal__content-layout\">\n            <li>\n              <div class=\"speaker-modal__image\">\n                <img decoding=\"async\" src=\"https:\/\/smy.fi\/metsapaivat\/wp-content\/uploads\/sites\/2\/2025\/09\/Katriina-Soini.jpg\" \/>              <\/div>\n            <\/li>\n            <li>\n              <ul class=\"speaker-modal__content-upper\">\n                <li>\n                  <div>\n                    \n    <p class=\"speaker-modal__date\">\n    <span>To<\/span>\n    <span>23.10.<\/span>\n    <\/p>                    <\/div>\n                  <div>\n                    <h2>Katriina Soini<\/h2><p>Tutkimusprofessori <\/p><p>Luonnonvarakeskus<\/p>                  <\/div>\n                <\/li>\n                <li>\n                  \n                  <p><p>Keskustelulava klo 13.00\u201313.45<\/p>\n<\/p>                <\/li>\n              <\/ul>\n            <\/li>\n\n          <\/ul>\n\n        <\/div>\n      <\/aside>\n    \n      <aside data-modal-id=\"speaker-event-6a96c33cc9a18\" class=\"speaker-modal speaker-modal--hidden \">\n        <div class=\"speaker-modal__bg\"><\/div>\n        <div class=\"speaker-modal__content \">\n          <div class=\"speaker-modal__close\">\n            <button data-exit-modal-id=\"speaker-event-6a96c33cc9a18\" alt=\"sulje ikkuna\"><span><\/span><\/button>\n          <\/div>\n\n          <ul class=\"speaker-modal__content-layout\">\n            <li>\n              <div class=\"speaker-modal__image\">\n                <img decoding=\"async\" src=\"https:\/\/smy.fi\/metsapaivat\/wp-content\/uploads\/sites\/2\/2025\/10\/Lotta_Backlund_mv.jpg\" \/>              <\/div>\n            <\/li>\n            <li>\n              <ul class=\"speaker-modal__content-upper\">\n                <li>\n                  <div>\n                    \n    <p class=\"speaker-modal__date\">\n    <span>To<\/span>\n    <span>23.10.<\/span>\n    <\/p>                    <\/div>\n                  <div>\n                    <h2>Lotta Backlund<\/h2><p>Director of Brand and Culture<\/p><p>Miltton<\/p>                  <\/div>\n                <\/li>\n                <li>\n                  \n                  <p><p><em>Yhdistetyt salit 22\u201324 klo 11.15\u201311.40<\/em><\/p>\n<\/p>                <\/li>\n              <\/ul>\n            <\/li>\n\n          <\/ul>\n\n        <\/div>\n      <\/aside>\n    \n      <aside data-modal-id=\"speaker-event-6a96c33cc9e0a\" class=\"speaker-modal speaker-modal--hidden \">\n        <div class=\"speaker-modal__bg\"><\/div>\n        <div class=\"speaker-modal__content \">\n          <div class=\"speaker-modal__close\">\n            <button data-exit-modal-id=\"speaker-event-6a96c33cc9e0a\" alt=\"sulje ikkuna\"><span><\/span><\/button>\n          <\/div>\n\n          <ul class=\"speaker-modal__content-layout\">\n            <li>\n              <div class=\"speaker-modal__image\">\n                <img decoding=\"async\" src=\"https:\/\/smy.fi\/metsapaivat\/wp-content\/uploads\/sites\/2\/2025\/10\/lauri-saaristo.jpg\" \/>              <\/div>\n            <\/li>\n            <li>\n              <ul class=\"speaker-modal__content-upper\">\n                <li>\n                  <div>\n                    \n    <p class=\"speaker-modal__date\">\n    <span>To<\/span>\n    <span>23.10.<\/span>\n    <\/p>                    <\/div>\n                  <div>\n                    <h2>Lauri Saaristo<\/h2><p>Johtava asiantuntija<\/p><p>Tapio<\/p>                  <\/div>\n                <\/li>\n                <li>\n                  \n                  <p><p>Kongressisali A klo 11.15\u201311.40<\/p>\n<\/p>                <\/li>\n              <\/ul>\n            <\/li>\n\n          <\/ul>\n\n        <\/div>\n      <\/aside>\n    \n      <aside data-modal-id=\"speaker-event-6a96c33cca156\" class=\"speaker-modal speaker-modal--hidden \">\n        <div class=\"speaker-modal__bg\"><\/div>\n        <div class=\"speaker-modal__content \">\n          <div class=\"speaker-modal__close\">\n            <button data-exit-modal-id=\"speaker-event-6a96c33cca156\" alt=\"sulje ikkuna\"><span><\/span><\/button>\n          <\/div>\n\n          <ul class=\"speaker-modal__content-layout\">\n            <li>\n              <div class=\"speaker-modal__image\">\n                <img decoding=\"async\" src=\"https:\/\/smy.fi\/metsapaivat\/wp-content\/uploads\/sites\/2\/2025\/10\/raatikainen_riitta_800x800px.jpg\" \/>              <\/div>\n            <\/li>\n            <li>\n              <ul class=\"speaker-modal__content-upper\">\n                <li>\n                  <div>\n                    \n    <p class=\"speaker-modal__date\">\n    <span>To<\/span>\n    <span>23.10.<\/span>\n    <\/p>                    <\/div>\n                  <div>\n                    <h2>Riitta Raatikainen<\/h2><p>Johtava asiantuntija<\/p><p>Tapio<\/p>                  <\/div>\n                <\/li>\n                <li>\n                  \n                  <p><p>Kongressisali A klo 11.15\u201311.40<\/p>\n<\/p>                <\/li>\n              <\/ul>\n            <\/li>\n\n          <\/ul>\n\n        <\/div>\n      <\/aside>\n    \n      <aside data-modal-id=\"speaker-event-6a96c33cca499\" class=\"speaker-modal speaker-modal--hidden \">\n        <div class=\"speaker-modal__bg\"><\/div>\n        <div class=\"speaker-modal__content \">\n          <div class=\"speaker-modal__close\">\n            <button data-exit-modal-id=\"speaker-event-6a96c33cca499\" alt=\"sulje ikkuna\"><span><\/span><\/button>\n          <\/div>\n\n          <ul class=\"speaker-modal__content-layout\">\n            <li>\n              <div class=\"speaker-modal__image\">\n                <img decoding=\"async\" src=\"https:\/\/smy.fi\/metsapaivat\/wp-content\/uploads\/sites\/2\/2025\/10\/tiina-ronkainen-nelio-vihrea-tausta-scaled.jpg\" \/>              <\/div>\n            <\/li>\n            <li>\n              <ul class=\"speaker-modal__content-upper\">\n                <li>\n                  <div>\n                    \n    <p class=\"speaker-modal__date\">\n    <span>To<\/span>\n    <span>23.10.<\/span>\n    <\/p>                    <\/div>\n                  <div>\n                    <h2>Tiina Ronkainen<\/h2><p>Johtava asiantuntija<\/p><p>Tapio<\/p>                  <\/div>\n                <\/li>\n                <li>\n                  \n                  <p><p>Kongressisali A klo 10.40\u201311.05<\/p>\n<\/p>                <\/li>\n              <\/ul>\n            <\/li>\n\n          <\/ul>\n\n        <\/div>\n      <\/aside>\n      <\/section>\n\n","protected":false},"excerpt":{"rendered":"<p>Vuoden 2026 Mets\u00e4p\u00e4iv\u00e4t j\u00e4rjestet\u00e4\u00e4n 22.\u201323.10.2026 Clarion Hotel Helsinki Airportissa. P\u00e4\u00e4teemana on mets\u00e4 ja turvallisuus. Perjantaina lavaohjelmaa on Mets\u00e4p\u00e4ivien p\u00e4\u00e4lavalla. T\u00e4hn uusi teksti Mets\u00e4alan huomionosoitusten lis\u00e4ksi iltap\u00e4iv\u00e4ll\u00e4 kuullaan kansanedustaja ja turvallisuusasiantuntija Jarno Limn\u00e9llin keynote-puheenvuoro metsist\u00e4 osana Suomen kokonaisturvallisuutta. Ohjelma KORJAA T\u00c4M\u00c4 8.00\u201311.00 Sidosryhm\u00e4tilaisuuksia Finlandia-talon eri tiloissa \u2013 katso sidosryhm\u00e4tilaisuudet 11.00\u201312.30 LOUNAS \u2013 Ravintolasalit&nbsp; 12.30 Finlandia-sali Avajaissanat&nbsp;&#8230;<\/p>\n","protected":false},"author":5,"featured_media":0,"parent":0,"menu_order":0,"comment_status":"closed","ping_status":"closed","template":"","meta":{"_acf_changed":false,"footnotes":""},"class_list":["post-1921","page","type-page","status-publish","hentry"],"acf":[],"yoast_head":"<!-- This site is optimized with the Yoast SEO plugin v28.1 - https:\/\/yoast.com\/product\/yoast-seo-wordpress\/ -->\n<title>Ohjelma | Perjantai 23.10. - Mets\u00e4p\u00e4iv\u00e4t<\/title>\n<meta name=\"robots\" content=\"index, follow, max-snippet:-1, max-image-preview:large, max-video-preview:-1\" \/>\n<link rel=\"canonical\" href=\"https:\/\/smy.fi\/metsapaivat\/ohjelma-23-10\/\" \/>\n<meta property=\"og:locale\" content=\"fi_FI\" \/>\n<meta property=\"og:type\" content=\"article\" \/>\n<meta property=\"og:title\" content=\"Ohjelma | Perjantai 23.10. - Mets\u00e4p\u00e4iv\u00e4t\" \/>\n<meta property=\"og:description\" content=\"Vuoden 2026 Mets\u00e4p\u00e4iv\u00e4t j\u00e4rjestet\u00e4\u00e4n 22.\u201323.10.2026 Clarion Hotel Helsinki Airportissa. P\u00e4\u00e4teemana on mets\u00e4 ja turvallisuus. Perjantaina lavaohjelmaa on Mets\u00e4p\u00e4ivien p\u00e4\u00e4lavalla. T\u00e4hn uusi teksti Mets\u00e4alan huomionosoitusten lis\u00e4ksi iltap\u00e4iv\u00e4ll\u00e4 kuullaan kansanedustaja ja turvallisuusasiantuntija Jarno Limn\u00e9llin keynote-puheenvuoro metsist\u00e4 osana Suomen kokonaisturvallisuutta. Ohjelma KORJAA T\u00c4M\u00c4 8.00\u201311.00 Sidosryhm\u00e4tilaisuuksia Finlandia-talon eri tiloissa \u2013 katso sidosryhm\u00e4tilaisuudet 11.00\u201312.30 LOUNAS \u2013 Ravintolasalit&nbsp; 12.30 Finlandia-sali Avajaissanat&nbsp;...\" \/>\n<meta property=\"og:url\" content=\"https:\/\/smy.fi\/metsapaivat\/ohjelma-23-10\/\" \/>\n<meta property=\"og:site_name\" content=\"Mets\u00e4p\u00e4iv\u00e4t\" \/>\n<meta property=\"article:modified_time\" content=\"2026-08-26T13:46:16+00:00\" \/>\n<meta name=\"twitter:card\" content=\"summary_large_image\" \/>\n<meta name=\"twitter:label1\" content=\"Est. reading time\" \/>\n\t<meta name=\"twitter:data1\" content=\"2 minuuttia\" \/>\n<script type=\"application\/ld+json\" class=\"yoast-schema-graph\">{\"@context\":\"https:\\\/\\\/schema.org\",\"@graph\":[{\"@type\":\"WebPage\",\"@id\":\"https:\\\/\\\/smy.fi\\\/metsapaivat\\\/ohjelma-23-10\\\/\",\"url\":\"https:\\\/\\\/smy.fi\\\/metsapaivat\\\/ohjelma-23-10\\\/\",\"name\":\"Ohjelma | Perjantai 23.10. - Mets\u00e4p\u00e4iv\u00e4t\",\"isPartOf\":{\"@id\":\"https:\\\/\\\/smy.fi\\\/metsapaivat\\\/#website\"},\"datePublished\":\"2024-08-22T09:02:55+00:00\",\"dateModified\":\"2026-08-26T13:46:16+00:00\",\"breadcrumb\":{\"@id\":\"https:\\\/\\\/smy.fi\\\/metsapaivat\\\/ohjelma-23-10\\\/#breadcrumb\"},\"inLanguage\":\"fi\",\"potentialAction\":[{\"@type\":\"ReadAction\",\"target\":[\"https:\\\/\\\/smy.fi\\\/metsapaivat\\\/ohjelma-23-10\\\/\"]}]},{\"@type\":\"BreadcrumbList\",\"@id\":\"https:\\\/\\\/smy.fi\\\/metsapaivat\\\/ohjelma-23-10\\\/#breadcrumb\",\"itemListElement\":[{\"@type\":\"ListItem\",\"position\":1,\"name\":\"Home\",\"item\":\"https:\\\/\\\/smy.fi\\\/metsapaivat\\\/\"},{\"@type\":\"ListItem\",\"position\":2,\"name\":\"Ohjelma | Perjantai 23.10.\"}]},{\"@type\":\"WebSite\",\"@id\":\"https:\\\/\\\/smy.fi\\\/metsapaivat\\\/#website\",\"url\":\"https:\\\/\\\/smy.fi\\\/metsapaivat\\\/\",\"name\":\"Mets\u00e4p\u00e4iv\u00e4t\",\"description\":\"Uusi SMY Sites -sivusto\",\"potentialAction\":[{\"@type\":\"SearchAction\",\"target\":{\"@type\":\"EntryPoint\",\"urlTemplate\":\"https:\\\/\\\/smy.fi\\\/metsapaivat\\\/?s={search_term_string}\"},\"query-input\":{\"@type\":\"PropertyValueSpecification\",\"valueRequired\":true,\"valueName\":\"search_term_string\"}}],\"inLanguage\":\"fi\"}]}<\/script>\n<!-- \/ Yoast SEO plugin. -->","yoast_head_json":{"title":"Ohjelma | Perjantai 23.10. - Mets\u00e4p\u00e4iv\u00e4t","robots":{"index":"index","follow":"follow","max-snippet":"max-snippet:-1","max-image-preview":"max-image-preview:large","max-video-preview":"max-video-preview:-1"},"canonical":"https:\/\/smy.fi\/metsapaivat\/ohjelma-23-10\/","og_locale":"fi_FI","og_type":"article","og_title":"Ohjelma | Perjantai 23.10. - Mets\u00e4p\u00e4iv\u00e4t","og_description":"Vuoden 2026 Mets\u00e4p\u00e4iv\u00e4t j\u00e4rjestet\u00e4\u00e4n 22.\u201323.10.2026 Clarion Hotel Helsinki Airportissa. P\u00e4\u00e4teemana on mets\u00e4 ja turvallisuus. Perjantaina lavaohjelmaa on Mets\u00e4p\u00e4ivien p\u00e4\u00e4lavalla. T\u00e4hn uusi teksti Mets\u00e4alan huomionosoitusten lis\u00e4ksi iltap\u00e4iv\u00e4ll\u00e4 kuullaan kansanedustaja ja turvallisuusasiantuntija Jarno Limn\u00e9llin keynote-puheenvuoro metsist\u00e4 osana Suomen kokonaisturvallisuutta. Ohjelma KORJAA T\u00c4M\u00c4 8.00\u201311.00 Sidosryhm\u00e4tilaisuuksia Finlandia-talon eri tiloissa \u2013 katso sidosryhm\u00e4tilaisuudet 11.00\u201312.30 LOUNAS \u2013 Ravintolasalit&nbsp; 12.30 Finlandia-sali Avajaissanat&nbsp;...","og_url":"https:\/\/smy.fi\/metsapaivat\/ohjelma-23-10\/","og_site_name":"Mets\u00e4p\u00e4iv\u00e4t","article_modified_time":"2026-08-26T13:46:16+00:00","twitter_card":"summary_large_image","twitter_misc":{"Est. reading time":"2 minuuttia"},"schema":{"@context":"https:\/\/schema.org","@graph":[{"@type":"WebPage","@id":"https:\/\/smy.fi\/metsapaivat\/ohjelma-23-10\/","url":"https:\/\/smy.fi\/metsapaivat\/ohjelma-23-10\/","name":"Ohjelma | Perjantai 23.10. - Mets\u00e4p\u00e4iv\u00e4t","isPartOf":{"@id":"https:\/\/smy.fi\/metsapaivat\/#website"},"datePublished":"2024-08-22T09:02:55+00:00","dateModified":"2026-08-26T13:46:16+00:00","breadcrumb":{"@id":"https:\/\/smy.fi\/metsapaivat\/ohjelma-23-10\/#breadcrumb"},"inLanguage":"fi","potentialAction":[{"@type":"ReadAction","target":["https:\/\/smy.fi\/metsapaivat\/ohjelma-23-10\/"]}]},{"@type":"BreadcrumbList","@id":"https:\/\/smy.fi\/metsapaivat\/ohjelma-23-10\/#breadcrumb","itemListElement":[{"@type":"ListItem","position":1,"name":"Home","item":"https:\/\/smy.fi\/metsapaivat\/"},{"@type":"ListItem","position":2,"name":"Ohjelma | Perjantai 23.10."}]},{"@type":"WebSite","@id":"https:\/\/smy.fi\/metsapaivat\/#website","url":"https:\/\/smy.fi\/metsapaivat\/","name":"Mets\u00e4p\u00e4iv\u00e4t","description":"Uusi SMY Sites -sivusto","potentialAction":[{"@type":"SearchAction","target":{"@type":"EntryPoint","urlTemplate":"https:\/\/smy.fi\/metsapaivat\/?s={search_term_string}"},"query-input":{"@type":"PropertyValueSpecification","valueRequired":true,"valueName":"search_term_string"}}],"inLanguage":"fi"}]}},"_links":{"self":[{"href":"https:\/\/smy.fi\/metsapaivat\/wp-json\/wp\/v2\/pages\/1921","targetHints":{"allow":["GET"]}}],"collection":[{"href":"https:\/\/smy.fi\/metsapaivat\/wp-json\/wp\/v2\/pages"}],"about":[{"href":"https:\/\/smy.fi\/metsapaivat\/wp-json\/wp\/v2\/types\/page"}],"author":[{"embeddable":true,"href":"https:\/\/smy.fi\/metsapaivat\/wp-json\/wp\/v2\/users\/5"}],"replies":[{"embeddable":true,"href":"https:\/\/smy.fi\/metsapaivat\/wp-json\/wp\/v2\/comments?post=1921"}],"version-history":[{"count":2,"href":"https:\/\/smy.fi\/metsapaivat\/wp-json\/wp\/v2\/pages\/1921\/revisions"}],"predecessor-version":[{"id":3798,"href":"https:\/\/smy.fi\/metsapaivat\/wp-json\/wp\/v2\/pages\/1921\/revisions\/3798"}],"wp:attachment":[{"href":"https:\/\/smy.fi\/metsapaivat\/wp-json\/wp\/v2\/media?parent=1921"}],"curies":[{"name":"wp","href":"https:\/\/api.w.org\/{rel}","templated":true}]}}