{"id":240,"date":"2022-12-19T19:07:44","date_gmt":"2022-12-19T17:07:44","guid":{"rendered":"https:\/\/smyfi.wpenginepowered.com\/metsapaivat\/?page_id=240"},"modified":"2026-02-05T23:15:07","modified_gmt":"2026-02-05T21:15:07","slug":"tietoa-tapahtumasta","status":"publish","type":"page","link":"https:\/\/smy.fi\/metsapaivat\/tietoa-tapahtumasta\/","title":{"rendered":"Tietoa tapahtumasta"},"content":{"rendered":"\n<p class=\"is-style-lead-text\">Valtakunnalliset Mets\u00e4p\u00e4iv\u00e4t on mets\u00e4alan asiantuntijatapahtuma. Vuoden 2026 Mets\u00e4p\u00e4iv\u00e4t j\u00e4rjestet\u00e4\u00e4n 22.\u201323.10.2026 ja paikkana on Clarion Hotel Helsinki Airport aivan Helsinki-Vantaan lentoaseman yhteydess\u00e4.<\/p>\n\n\n\n<p>Mets\u00e4p\u00e4iv\u00e4t on mets\u00e4alan asiantuntijoiden ja ammattilaisten joka syksyinen kohtauspaikka, jossa kuullaan ja keskustellaan alan ajankohtaisista aiheista. Vuoden 2026 Mets\u00e4p\u00e4ivien p\u00e4\u00e4teemasta ja tarkemmasta sis\u00e4ll\u00f6st\u00e4 kerromme my\u00f6hemmin kev\u00e4\u00e4ll\u00e4. Ohjelmapaikat tulevat verkkosivuille myyntiin helmikuun alkupuolella.<\/p>\n\n\n\n<section class=\"smy-featured-event\">\n  <div class=\"smy-featured-event__bg\">\n    <article class=\"smy-featured-event__container\">\n      <section class=\"smy-featured-event__texts\">\n        <h2>Mets\u00e4p\u00e4iv\u00e4t tehd\u00e4\u00e4n yhdess\u00e4 <\/h2><p>Mets\u00e4p\u00e4ivill\u00e4 on vahva imago valtakunnallisena tapahtumana, joka tehd\u00e4\u00e4n alan kanssa yhdess\u00e4. Tapahtuman keski\u00f6ss\u00e4 on alan uusin tieto sek\u00e4 mets\u00e4st\u00e4 k\u00e4yt\u00e4v\u00e4 keskustelu ja dialogin rakentaminen.<\/p>\n<p>Mets\u00e4p\u00e4iv\u00e4t on suunnattu laajasti alan ammattilaisille ja muille alasta kiinnostuneille. Mukana on osaajia mets\u00e4taloudesta, mets\u00e4nhoidosta, puuntuotannosta, puunhankinnasta, tutkimuksesta ja teollisuudesta. My\u00f6s mets\u00e4alan hallinnon, viestinn\u00e4n ja rahoituksen asiantuntemus n\u00e4kyy tapahtumassa.<\/p>\n<p>Tervetuloa ohjelmantarjoajaksi Mets\u00e4p\u00e4iville 2026!<br \/>\nJos kiinnostuit, laita viesti\u00e4 tai soita: Kaarina Aro, kaarina.aro@smy.fi, p. 050 374 5677.<\/p>\n<div class=\"smy-featured-event__cta\"><a class=\"btn negative\" href=\"https:\/\/smy.fi\/metsapaivat\/ohjelmantarjoajalle\/\">Tule ohjelmantarjoajaksi!<\/a><\/div>      <\/section>\n      <section class=\"smy-featured-event__mindmap\">\n        <div class=\"smy-featured-event__moodboard\"><img decoding=\"async\" src=\"https:\/\/smy.fi\/metsapaivat\/wp-content\/uploads\/sites\/2\/2022\/12\/DSC_4889-1-2048x1367-1.jpg\" alt=\"\" \/><h2>Keskustelut ja avoin, eteenp\u00e4in viev\u00e4 dialogi ovat olennainen osa Mets\u00e4p\u00e4ivi\u00e4.<\/h2><\/div><div class=\"smy-featured-event__moodboard smy-featured-event__moodboard--colored\"><h2>Opiskelijat ovat t\u00e4rke\u00e4 osa Mets\u00e4p\u00e4ivi\u00e4. Kuvassa opiskelijat tutustuvat Uusi puu -n\u00e4yttelyn puupohjaisiin innovaatioihin.<\/h2><img decoding=\"async\" src=\"https:\/\/smy.fi\/metsapaivat\/wp-content\/uploads\/sites\/2\/2022\/12\/nuoret_metsapaivilla_2021_anna_kauppi-800x600-1.jpeg\" alt=\"\" \/><\/div>      <\/section>\n      <\/article>\n  <\/div>\n<\/section>\n\n\n<h2 class=\"wp-block-heading\">Vuodesta 1925<\/h2>\n\n\n\n<p>Mets\u00e4p\u00e4ivill\u00e4 on todella pitk\u00e4 historia. Suomen Mets\u00e4yhdistys j\u00e4rjesti ensimm\u00e4iset Mets\u00e4p\u00e4iv\u00e4t \u2013 silloisen Mets\u00e4viikon \u2013 jo vuonna 1925. My\u00f6s ne tehtiin yhteisty\u00f6ss\u00e4 mets\u00e4alan muiden organisaatioiden kanssa kuten yh\u00e4 t\u00e4n\u00e4 p\u00e4iv\u00e4n\u00e4, l\u00e4hes 100 vuotta my\u00f6hemmin. <\/p>\n\n\n\n<p>Opiskelijat olivat vahvasti mukana tapahtumassa jo vuonna 1929, jolloin ylioppilaat mainostivat tapahtumaa iskulauseella \u201dselluloosasta saa silkki\u00e4kin\u201d. Reklaamikulkue kiersi Helsinki\u00e4 h\u00e4k\u00e4p\u00f6ntt\u00f6autolla, jonka julistettiin kulkevan puulla. <\/p>\n\n\n\n<p>Mets\u00e4p\u00e4iv\u00e4t on j\u00e4rjestetty l\u00e4hes joka vuosi. Vuoden 2025 Mets\u00e4p\u00e4iv\u00e4t ovat j\u00e4rjestyksess\u00e4 96. tapahtuma. Nykyisin Mets\u00e4p\u00e4ivien toteutuksesta vastaa Suomen Mets\u00e4yhdistyksen omistama Mets\u00e4viestint\u00e4 Oy.<\/p>\n\n\n\n<h2 class=\"wp-block-heading\">Turvallisesti Mets\u00e4p\u00e4ivill\u00e4<\/h2>\n\n\n\n<p>Mets\u00e4p\u00e4ivien keskusteluissa noudatetaan Ylen ja Er\u00e4tauko-s\u00e4\u00e4ti\u00f6n Hyvin sanottu -hankkeen keskustelun pelis\u00e4\u00e4nt\u00f6j\u00e4. Niiden avulla haluamme mahdollistaa kunnioittavia ja rakentavia kohtaamisia ja keskusteluja t\u00e4rkeist\u00e4 aiheista. <a href=\"https:\/\/yle.fi\/aihe\/s\/10000902\" target=\"_blank\" rel=\"noreferrer noopener\">Tutustu pelis\u00e4\u00e4nt\u00f6ihin t\u00e4\u00e4ll\u00e4.<\/a> <\/p>\n\n\n\n<p>Mets\u00e4p\u00e4ivill\u00e4 on k\u00e4yt\u00f6ss\u00e4 turvallisemman tilan periaatteet. Mets\u00e4p\u00e4ivill\u00e4 jokaisella on oikeus&nbsp;tuntea olonsa turvalliseksi ilman pelkoa&nbsp;mink\u00e4\u00e4nlaisesta&nbsp;syrjinn\u00e4st\u00e4, h\u00e4irinn\u00e4st\u00e4, seksuaalisesta, fyysisest\u00e4&nbsp;tai verbaalisesta&nbsp;ahdistelusta. Kunnioitamme ja kuuntelemme toisiamme. Olemme avoimia uusille n\u00e4k\u00f6kulmille ja eri mielt\u00e4 ollessamme ilmaisemme sen rakentavalla tavalla. Mik\u00e4li jokin tilanne tuntuu ep\u00e4mukavalta, kerro siit\u00e4 j\u00e4rjest\u00e4jille. <a href=\"https:\/\/www.ykliitto.fi\/turvallinen-tila\" target=\"_blank\" rel=\"noreferrer noopener\">Lue lis\u00e4\u00e4 turvallisemman tilan periaatteista t\u00e4\u00e4lt\u00e4.<\/a><\/p>\n\n\n\n<p>Mets\u00e4p\u00e4iv\u00e4t on <a href=\"https:\/\/smy.fi\/\">Suomen Mets\u00e4yhdistyksen<\/a> tapahtuma, jonka j\u00e4rjestelyist\u00e4 vastaa <a href=\"https:\/\/smy.fi\/metsaviestinta\/\">Mets\u00e4viestint\u00e4 Oy <\/a>tiiviiss\u00e4 yhteisty\u00f6ss\u00e4 mets\u00e4alan yhteisty\u00f6kumppaneiden kanssa.<\/p>\n\n\n\n<h2 class=\"wp-block-heading\"><\/h2>\n","protected":false},"excerpt":{"rendered":"<p>Valtakunnalliset Mets\u00e4p\u00e4iv\u00e4t on mets\u00e4alan asiantuntijatapahtuma. Vuoden 2026 Mets\u00e4p\u00e4iv\u00e4t j\u00e4rjestet\u00e4\u00e4n 22.\u201323.10.2026 ja paikkana on Clarion Hotel Helsinki Airport aivan Helsinki-Vantaan lentoaseman yhteydess\u00e4. Mets\u00e4p\u00e4iv\u00e4t on mets\u00e4alan asiantuntijoiden ja ammattilaisten joka syksyinen kohtauspaikka, jossa kuullaan ja keskustellaan alan ajankohtaisista aiheista. Vuoden 2026 Mets\u00e4p\u00e4ivien p\u00e4\u00e4teemasta ja tarkemmasta sis\u00e4ll\u00f6st\u00e4 kerromme my\u00f6hemmin kev\u00e4\u00e4ll\u00e4. Ohjelmapaikat tulevat verkkosivuille myyntiin helmikuun alkupuolella. Vuodesta 1925&#8230;<\/p>\n","protected":false},"author":5,"featured_media":1534,"parent":0,"menu_order":0,"comment_status":"closed","ping_status":"closed","template":"","meta":{"_acf_changed":true,"footnotes":""},"class_list":["post-240","page","type-page","status-publish","has-post-thumbnail","hentry"],"acf":[],"yoast_head":"<!-- This site is optimized with the Yoast SEO plugin v27.0 - https:\/\/yoast.com\/product\/yoast-seo-wordpress\/ -->\n<title>Tietoa tapahtumasta - Mets\u00e4p\u00e4iv\u00e4t<\/title>\n<meta name=\"robots\" content=\"index, follow, max-snippet:-1, max-image-preview:large, max-video-preview:-1\" \/>\n<link rel=\"canonical\" href=\"https:\/\/smy.fi\/metsapaivat\/tietoa-tapahtumasta\/\" \/>\n<meta property=\"og:locale\" content=\"fi_FI\" \/>\n<meta property=\"og:type\" content=\"article\" \/>\n<meta property=\"og:title\" content=\"Tietoa tapahtumasta - Mets\u00e4p\u00e4iv\u00e4t\" \/>\n<meta property=\"og:description\" content=\"Valtakunnalliset Mets\u00e4p\u00e4iv\u00e4t on mets\u00e4alan asiantuntijatapahtuma. Vuoden 2026 Mets\u00e4p\u00e4iv\u00e4t j\u00e4rjestet\u00e4\u00e4n 22.\u201323.10.2026 ja paikkana on Clarion Hotel Helsinki Airport aivan Helsinki-Vantaan lentoaseman yhteydess\u00e4. Mets\u00e4p\u00e4iv\u00e4t on mets\u00e4alan asiantuntijoiden ja ammattilaisten joka syksyinen kohtauspaikka, jossa kuullaan ja keskustellaan alan ajankohtaisista aiheista. Vuoden 2026 Mets\u00e4p\u00e4ivien p\u00e4\u00e4teemasta ja tarkemmasta sis\u00e4ll\u00f6st\u00e4 kerromme my\u00f6hemmin kev\u00e4\u00e4ll\u00e4. Ohjelmapaikat tulevat verkkosivuille myyntiin helmikuun alkupuolella. Vuodesta 1925...\" \/>\n<meta property=\"og:url\" content=\"https:\/\/smy.fi\/metsapaivat\/tietoa-tapahtumasta\/\" \/>\n<meta property=\"og:site_name\" content=\"Mets\u00e4p\u00e4iv\u00e4t\" \/>\n<meta property=\"article:modified_time\" content=\"2026-02-05T21:15:07+00:00\" \/>\n<meta property=\"og:image\" content=\"https:\/\/smy.fi\/metsapaivat\/wp-content\/uploads\/sites\/2\/2024\/02\/metsapaivat2023_vilma-issakainen04-scaled.jpg\" \/>\n\t<meta property=\"og:image:width\" content=\"2560\" \/>\n\t<meta property=\"og:image:height\" content=\"1439\" \/>\n\t<meta property=\"og:image:type\" content=\"image\/jpeg\" \/>\n<meta name=\"twitter:card\" content=\"summary_large_image\" \/>\n<meta name=\"twitter:label1\" content=\"Est. reading time\" \/>\n\t<meta name=\"twitter:data1\" content=\"2 minuuttia\" \/>\n<script type=\"application\/ld+json\" class=\"yoast-schema-graph\">{\"@context\":\"https:\/\/schema.org\",\"@graph\":[{\"@type\":\"WebPage\",\"@id\":\"https:\/\/smy.fi\/metsapaivat\/tietoa-tapahtumasta\/\",\"url\":\"https:\/\/smy.fi\/metsapaivat\/tietoa-tapahtumasta\/\",\"name\":\"Tietoa tapahtumasta - Mets\u00e4p\u00e4iv\u00e4t\",\"isPartOf\":{\"@id\":\"https:\/\/smy.fi\/metsapaivat\/#website\"},\"primaryImageOfPage\":{\"@id\":\"https:\/\/smy.fi\/metsapaivat\/tietoa-tapahtumasta\/#primaryimage\"},\"image\":{\"@id\":\"https:\/\/smy.fi\/metsapaivat\/tietoa-tapahtumasta\/#primaryimage\"},\"thumbnailUrl\":\"https:\/\/smy.fi\/metsapaivat\/wp-content\/uploads\/sites\/2\/2024\/02\/metsapaivat2023_vilma-issakainen04-scaled.jpg\",\"datePublished\":\"2022-12-19T17:07:44+00:00\",\"dateModified\":\"2026-02-05T21:15:07+00:00\",\"breadcrumb\":{\"@id\":\"https:\/\/smy.fi\/metsapaivat\/tietoa-tapahtumasta\/#breadcrumb\"},\"inLanguage\":\"fi\",\"potentialAction\":[{\"@type\":\"ReadAction\",\"target\":[\"https:\/\/smy.fi\/metsapaivat\/tietoa-tapahtumasta\/\"]}]},{\"@type\":\"ImageObject\",\"inLanguage\":\"fi\",\"@id\":\"https:\/\/smy.fi\/metsapaivat\/tietoa-tapahtumasta\/#primaryimage\",\"url\":\"https:\/\/smy.fi\/metsapaivat\/wp-content\/uploads\/sites\/2\/2024\/02\/metsapaivat2023_vilma-issakainen04-scaled.jpg\",\"contentUrl\":\"https:\/\/smy.fi\/metsapaivat\/wp-content\/uploads\/sites\/2\/2024\/02\/metsapaivat2023_vilma-issakainen04-scaled.jpg\",\"width\":2560,\"height\":1439},{\"@type\":\"BreadcrumbList\",\"@id\":\"https:\/\/smy.fi\/metsapaivat\/tietoa-tapahtumasta\/#breadcrumb\",\"itemListElement\":[{\"@type\":\"ListItem\",\"position\":1,\"name\":\"Home\",\"item\":\"https:\/\/smy.fi\/metsapaivat\/\"},{\"@type\":\"ListItem\",\"position\":2,\"name\":\"Tietoa tapahtumasta\"}]},{\"@type\":\"WebSite\",\"@id\":\"https:\/\/smy.fi\/metsapaivat\/#website\",\"url\":\"https:\/\/smy.fi\/metsapaivat\/\",\"name\":\"Mets\u00e4p\u00e4iv\u00e4t\",\"description\":\"Uusi SMY Sites -sivusto\",\"potentialAction\":[{\"@type\":\"SearchAction\",\"target\":{\"@type\":\"EntryPoint\",\"urlTemplate\":\"https:\/\/smy.fi\/metsapaivat\/?s={search_term_string}\"},\"query-input\":{\"@type\":\"PropertyValueSpecification\",\"valueRequired\":true,\"valueName\":\"search_term_string\"}}],\"inLanguage\":\"fi\"}]}<\/script>\n<!-- \/ Yoast SEO plugin. -->","yoast_head_json":{"title":"Tietoa tapahtumasta - Mets\u00e4p\u00e4iv\u00e4t","robots":{"index":"index","follow":"follow","max-snippet":"max-snippet:-1","max-image-preview":"max-image-preview:large","max-video-preview":"max-video-preview:-1"},"canonical":"https:\/\/smy.fi\/metsapaivat\/tietoa-tapahtumasta\/","og_locale":"fi_FI","og_type":"article","og_title":"Tietoa tapahtumasta - Mets\u00e4p\u00e4iv\u00e4t","og_description":"Valtakunnalliset Mets\u00e4p\u00e4iv\u00e4t on mets\u00e4alan asiantuntijatapahtuma. Vuoden 2026 Mets\u00e4p\u00e4iv\u00e4t j\u00e4rjestet\u00e4\u00e4n 22.\u201323.10.2026 ja paikkana on Clarion Hotel Helsinki Airport aivan Helsinki-Vantaan lentoaseman yhteydess\u00e4. Mets\u00e4p\u00e4iv\u00e4t on mets\u00e4alan asiantuntijoiden ja ammattilaisten joka syksyinen kohtauspaikka, jossa kuullaan ja keskustellaan alan ajankohtaisista aiheista. Vuoden 2026 Mets\u00e4p\u00e4ivien p\u00e4\u00e4teemasta ja tarkemmasta sis\u00e4ll\u00f6st\u00e4 kerromme my\u00f6hemmin kev\u00e4\u00e4ll\u00e4. Ohjelmapaikat tulevat verkkosivuille myyntiin helmikuun alkupuolella. Vuodesta 1925...","og_url":"https:\/\/smy.fi\/metsapaivat\/tietoa-tapahtumasta\/","og_site_name":"Mets\u00e4p\u00e4iv\u00e4t","article_modified_time":"2026-02-05T21:15:07+00:00","og_image":[{"width":2560,"height":1439,"url":"https:\/\/smy.fi\/metsapaivat\/wp-content\/uploads\/sites\/2\/2024\/02\/metsapaivat2023_vilma-issakainen04-scaled.jpg","type":"image\/jpeg"}],"twitter_card":"summary_large_image","twitter_misc":{"Est. reading time":"2 minuuttia"},"schema":{"@context":"https:\/\/schema.org","@graph":[{"@type":"WebPage","@id":"https:\/\/smy.fi\/metsapaivat\/tietoa-tapahtumasta\/","url":"https:\/\/smy.fi\/metsapaivat\/tietoa-tapahtumasta\/","name":"Tietoa tapahtumasta - Mets\u00e4p\u00e4iv\u00e4t","isPartOf":{"@id":"https:\/\/smy.fi\/metsapaivat\/#website"},"primaryImageOfPage":{"@id":"https:\/\/smy.fi\/metsapaivat\/tietoa-tapahtumasta\/#primaryimage"},"image":{"@id":"https:\/\/smy.fi\/metsapaivat\/tietoa-tapahtumasta\/#primaryimage"},"thumbnailUrl":"https:\/\/smy.fi\/metsapaivat\/wp-content\/uploads\/sites\/2\/2024\/02\/metsapaivat2023_vilma-issakainen04-scaled.jpg","datePublished":"2022-12-19T17:07:44+00:00","dateModified":"2026-02-05T21:15:07+00:00","breadcrumb":{"@id":"https:\/\/smy.fi\/metsapaivat\/tietoa-tapahtumasta\/#breadcrumb"},"inLanguage":"fi","potentialAction":[{"@type":"ReadAction","target":["https:\/\/smy.fi\/metsapaivat\/tietoa-tapahtumasta\/"]}]},{"@type":"ImageObject","inLanguage":"fi","@id":"https:\/\/smy.fi\/metsapaivat\/tietoa-tapahtumasta\/#primaryimage","url":"https:\/\/smy.fi\/metsapaivat\/wp-content\/uploads\/sites\/2\/2024\/02\/metsapaivat2023_vilma-issakainen04-scaled.jpg","contentUrl":"https:\/\/smy.fi\/metsapaivat\/wp-content\/uploads\/sites\/2\/2024\/02\/metsapaivat2023_vilma-issakainen04-scaled.jpg","width":2560,"height":1439},{"@type":"BreadcrumbList","@id":"https:\/\/smy.fi\/metsapaivat\/tietoa-tapahtumasta\/#breadcrumb","itemListElement":[{"@type":"ListItem","position":1,"name":"Home","item":"https:\/\/smy.fi\/metsapaivat\/"},{"@type":"ListItem","position":2,"name":"Tietoa tapahtumasta"}]},{"@type":"WebSite","@id":"https:\/\/smy.fi\/metsapaivat\/#website","url":"https:\/\/smy.fi\/metsapaivat\/","name":"Mets\u00e4p\u00e4iv\u00e4t","description":"Uusi SMY Sites -sivusto","potentialAction":[{"@type":"SearchAction","target":{"@type":"EntryPoint","urlTemplate":"https:\/\/smy.fi\/metsapaivat\/?s={search_term_string}"},"query-input":{"@type":"PropertyValueSpecification","valueRequired":true,"valueName":"search_term_string"}}],"inLanguage":"fi"}]}},"_links":{"self":[{"href":"https:\/\/smy.fi\/metsapaivat\/wp-json\/wp\/v2\/pages\/240","targetHints":{"allow":["GET"]}}],"collection":[{"href":"https:\/\/smy.fi\/metsapaivat\/wp-json\/wp\/v2\/pages"}],"about":[{"href":"https:\/\/smy.fi\/metsapaivat\/wp-json\/wp\/v2\/types\/page"}],"author":[{"embeddable":true,"href":"https:\/\/smy.fi\/metsapaivat\/wp-json\/wp\/v2\/users\/5"}],"replies":[{"embeddable":true,"href":"https:\/\/smy.fi\/metsapaivat\/wp-json\/wp\/v2\/comments?post=240"}],"version-history":[{"count":0,"href":"https:\/\/smy.fi\/metsapaivat\/wp-json\/wp\/v2\/pages\/240\/revisions"}],"wp:featuredmedia":[{"embeddable":true,"href":"https:\/\/smy.fi\/metsapaivat\/wp-json\/wp\/v2\/media\/1534"}],"wp:attachment":[{"href":"https:\/\/smy.fi\/metsapaivat\/wp-json\/wp\/v2\/media?parent=240"}],"curies":[{"name":"wp","href":"https:\/\/api.w.org\/{rel}","templated":true}]}}