{"id":25,"date":"2022-11-22T09:49:05","date_gmt":"2022-11-22T07:49:05","guid":{"rendered":"https:\/\/smyfi.wpenginepowered.com\/metsapaivat\/?page_id=25"},"modified":"2025-10-21T23:50:48","modified_gmt":"2025-10-21T20:50:48","slug":"ohjelma-22-10","status":"publish","type":"page","link":"https:\/\/smy.fi\/metsapaivat\/ohjelma-22-10\/","title":{"rendered":"Ohjelma | Keskiviikko 22.10."},"content":{"rendered":"\n<p class=\"is-style-lead-text\">Vuoden 2025 Mets\u00e4p\u00e4iv\u00e4t j\u00e4rjestet\u00e4\u00e4n 22.\u201323.10.2025 Finlandia-talossa. Juhlavuoden teemana on mets\u00e4ala yhdess\u00e4 ja n\u00e4k\u00f6kulma on tulevaisuuden mahdollisuuksissa ja ratkaisuissa.<\/p>\n\n\n\n<p class=\"is-style-default\">100-vuotisjuhlat alkavat keskiviikkona 22.10. ikonisessa Finlandia-salissa. Kutsumme koko mets\u00e4alan sidosryhmineen seuraamaan juhlaohjelmaa. P\u00e4iv\u00e4n juontavat <strong>Ella Kanninen<\/strong> ja <strong>Markus Liimatainen<\/strong>. Maljat kohotetaan juhlavilla illallisilla.<\/p>\n\n\n\n<div style=\"height:57px\" aria-hidden=\"true\" class=\"wp-block-spacer\"><\/div>\n\n\n\n<div class=\"wp-block-buttons is-content-justification-center is-layout-flex wp-container-core-buttons-is-layout-16018d1d wp-block-buttons-is-layout-flex\">\n<div class=\"wp-block-button\"><a class=\"wp-block-button__link wp-element-button\" href=\"https:\/\/smy.fi\/metsapaivat\/liput\/\" target=\"_blank\" rel=\"noreferrer noopener\">Osta lippu Mets\u00e4p\u00e4iville<\/a><\/div>\n<\/div>\n\n\n\n<h2 class=\"wp-block-heading is-style-default\">Ohjelma<\/h2>\n\n\n\n<p><strong>8.00\u201311.00<\/strong> Sidosryhm\u00e4tilaisuuksia Finlandia-talon eri tiloissa \u2013 <a href=\"https:\/\/smy.fi\/metsapaivat\/ohjelma\/sidosryhmatilaisuudet\/\" target=\"_blank\" rel=\"noreferrer noopener\">katso sidosryhm\u00e4tilaisuudet<\/a><\/p>\n\n\n\n<hr class=\"wp-block-separator has-alpha-channel-opacity\"\/>\n\n\n\n<p><strong>11.00\u201312.30 LOUNAS \u2013 Ravintolasalit&nbsp;<\/strong><\/p>\n\n\n\n<hr class=\"wp-block-separator has-alpha-channel-opacity\"\/>\n\n\n\n<div class=\"wp-block-columns is-layout-flex wp-container-core-columns-is-layout-9d6595d7 wp-block-columns-is-layout-flex\">\n<div class=\"wp-block-column is-layout-flow wp-block-column-is-layout-flow\" style=\"flex-basis:33.33%\">\n<p><strong>12.30 Finlandia-sali<\/strong><\/p>\n<\/div>\n\n\n\n<div class=\"wp-block-column is-layout-flow wp-block-column-is-layout-flow\" style=\"flex-basis:66.66%\">\n<p>Avajaissanat&nbsp;<\/p>\n\n\n\n<p class=\"has-text-align-left\">Juhlapuhe, <strong>Olli Rehn<\/strong>, <em>Suomen Pankin p\u00e4\u00e4johtaja <\/em><\/p>\n\n\n\n<p class=\"has-text-align-left\">Juhlakeskustelu: Mets\u00e4t ja yhteiskunta 2035 \u2013 s\u00e4\u00e4ti\u00f6t yhteisty\u00f6n vahvistajina, <em>Suomen Mets\u00e4s\u00e4\u00e4ti\u00f6<\/em><br>Mik\u00e4 on mets\u00e4alan yhteisty\u00f6n merkitys alati muuttuvassa maailmassa? Miten s\u00e4\u00e4ti\u00f6t auttavat ratkomaan haasteita?<em> <\/em>Aiheesta keskustelemassa<em> <\/em>S\u00e4\u00e4ti\u00f6t ja rahastot ry:n toimitusjohtaja<strong> Liisa Suvikumpu<\/strong>, ja mets\u00e4alan s\u00e4\u00e4ti\u00f6iden hallitusten puheenjohtajat <strong>Petri Vanhala<\/strong>, Mets\u00e4miesten s\u00e4\u00e4ti\u00f6, sek\u00e4 <strong>Juha Jumppanen<\/strong>, Suomen Mets\u00e4s\u00e4\u00e4ti\u00f6.<\/p>\n\n\n\n<p>Suomen Mets\u00e4s\u00e4\u00e4ti\u00f6n huomionosoitusten jako<\/p>\n\n\n\n<p class=\"has-text-align-left\">Sibelius-lukion kamarikuoro<\/p>\n\n\n\n<p class=\"has-text-align-left\">Juhlahaastattelu: Mets\u00e4alaan vaikuttaneet murrokset sek\u00e4 metsien merkitys viimeisen sadan vuoden aikana, <strong>Kirsti Manninen<\/strong>, <em>kirjailija, tutkija ja historioitsija<\/em>. Haastattelijana <strong>Ella Kanninen<\/strong>.<\/p>\n<\/div>\n<\/div>\n\n\n\n<hr class=\"wp-block-separator has-alpha-channel-opacity\"\/>\n\n\n\n<p class=\"has-text-align-left\"><strong>14.15 KAHVITAUKO<\/strong><\/p>\n\n\n\n<hr class=\"wp-block-separator has-alpha-channel-opacity\"\/>\n\n\n\n<div class=\"wp-block-columns is-layout-flex wp-container-core-columns-is-layout-9d6595d7 wp-block-columns-is-layout-flex\">\n<div class=\"wp-block-column is-layout-flow wp-block-column-is-layout-flow\" style=\"flex-basis:33.33%\">\n<p><strong>14.45 Finlandia-sali<\/strong><\/p>\n<\/div>\n\n\n\n<div class=\"wp-block-column is-layout-flow wp-block-column-is-layout-flow\" style=\"flex-basis:66.66%\">\n<p class=\"has-text-align-left\">Suomen Mets\u00e4yhdistyksen huomionosoitukset&nbsp;<\/p>\n\n\n\n<p class=\"has-text-align-left\">Human Cell Signals<\/p>\n\n\n\n<p class=\"has-text-align-left\">Uusi puu -kilpailun tulosten julkistaminen&nbsp;<\/p>\n\n\n\n<p class=\"has-text-align-left\">Uusi puu -paneelikeskustelu: Keskustelemassa kilpailun tuomaristosta kansanedustajat <strong>Petri Huru<\/strong> (PS), <strong>Krista Mikkonen<\/strong> (VIHR), <strong>Piritta Rantanen<\/strong> (SDP) ja <strong>Eerikki Viljanen<\/strong> (KESK) sek\u00e4 Aalto-yliopiston vanhempi yliopistonlehtori <strong>Markus Joutsela<\/strong>. Paneelin juontaa <strong>Markus Liimatainen<\/strong>.<\/p>\n\n\n\n<p class=\"has-text-align-left\"><\/p>\n\n\n\n<p class=\"has-text-align-left\">Yll\u00e4tysohjelmanumero&nbsp;<\/p>\n\n\n\n<p class=\"has-text-align-left\">Keynote-puheenvuoro, <strong>Laura Davies<\/strong>, <em>Ison-Britannian Suomen suurl\u00e4hettil\u00e4s<\/em>&nbsp;<\/p>\n<\/div>\n<\/div>\n\n\n\n<p class=\"has-text-align-left\"><\/p>\n\n\n\n<hr class=\"wp-block-separator has-alpha-channel-opacity\"\/>\n\n\n\n<div class=\"wp-block-columns is-layout-flex wp-container-core-columns-is-layout-9d6595d7 wp-block-columns-is-layout-flex\">\n<div class=\"wp-block-column is-layout-flow wp-block-column-is-layout-flow\" style=\"flex-basis:33.33%\">\n<p><strong>17.15 Finlandia-n\u00e4yttelyyn tutustuminen<\/strong><\/p>\n<\/div>\n\n\n\n<div class=\"wp-block-column is-layout-flow wp-block-column-is-layout-flow\" style=\"flex-basis:66.66%\">\n<p><strong>17.15\u201317.45<\/strong> Finlandia-n\u00e4yttelyyn tutustuminen, kierros 1&nbsp;<\/p>\n\n\n\n<p><strong>17.45\u201318.15 <\/strong>Finlandia-n\u00e4yttelyyn tutustuminen, kierros 2&nbsp;<\/p>\n\n\n\n<p><strong>18.15\u201318.45 <\/strong>Finlandia-n\u00e4yttelyyn tutustuminen, kierros 3<\/p>\n<\/div>\n<\/div>\n\n\n\n<p>&nbsp;<\/p>\n\n\n\n<hr class=\"wp-block-separator has-alpha-channel-opacity\"\/>\n\n\n\n<p><strong>19.00\u201321.30 JUHLAILLALLINEN \u2013 Ravintolasalit&nbsp;(tumma puku tai vastaava asu)<\/strong><\/p>\n\n\n\n<hr class=\"wp-block-separator has-alpha-channel-opacity\"\/>\n\n\n\n<p><strong>21.30<\/strong> Jatkot \u2013 jatkopaikka ilmoitetaan my\u00f6hemmin&nbsp;<\/p>\n\n\n\n<div style=\"height:57px\" aria-hidden=\"true\" class=\"wp-block-spacer\"><\/div>\n\n\n\n<div class=\"wp-block-buttons is-layout-flex wp-block-buttons-is-layout-flex\">\n<div class=\"wp-block-button\"><a class=\"wp-block-button__link wp-element-button\" href=\"https:\/\/smy.fi\/metsapaivat\/ohjelma-23-10\/\">Katso torstain 23.10. ohjelma<\/a><\/div>\n<\/div>\n\n\n\n<div style=\"height:48px\" aria-hidden=\"true\" class=\"wp-block-spacer\"><\/div>\n\n\n\n  <section class=\"smy-speakers\">\n    <h2><\/h2>\n\n    <div class=\"smy-speakers__grid\">\n      \n        <button data-modal-trigger=\"speaker-event-69f5d5757cbe7\" aria-label=\"Puhuja, Olli Rehn\" class=\"smy-speakers__speaker \">\n\n          <ul>\n            <li>\n              <img decoding=\"async\" src=\"https:\/\/smy.fi\/metsapaivat\/wp-content\/uploads\/sites\/2\/2025\/08\/Olli-Rehn-2022.jpg\" \/>            <\/li>\n            <li class=\"smy-speakers__details\">\n                <div>\n                                    <h2>Olli Rehn<\/h2><p>P\u00e4\u00e4johtaja<\/p><p>Suomen Pankki<\/p>              <\/div>\n\n            <\/li>\n          <\/ul>\n\n        <\/button>\n\n      \n        <button data-modal-trigger=\"speaker-event-69f5d5757d36e\" aria-label=\"Puhuja, Kirsti Manninen\" class=\"smy-speakers__speaker \">\n\n          <ul>\n            <li>\n              <img decoding=\"async\" src=\"https:\/\/smy.fi\/metsapaivat\/wp-content\/uploads\/sites\/2\/2025\/08\/Otava_KirstiManninen_JR_11-1-scaled.jpg\" \/>            <\/li>\n            <li class=\"smy-speakers__details\">\n                <div>\n                                    <h2>Kirsti Manninen<\/h2><p>Kirjailija, tutkija ja historioitsija<\/p>              <\/div>\n\n            <\/li>\n          <\/ul>\n\n        <\/button>\n\n      \n        <button data-modal-trigger=\"speaker-event-69f5d5757da30\" aria-label=\"Puhuja, Laura Davies \" class=\"smy-speakers__speaker smy-speakers__speaker--keynote\">\n\n          <ul>\n            <li>\n              <img decoding=\"async\" src=\"https:\/\/smy.fi\/metsapaivat\/wp-content\/uploads\/sites\/2\/2025\/08\/Laura_Davies_Official-1.jpg\" \/>            <\/li>\n            <li class=\"smy-speakers__details\">\n                <div>\n                                    <h2>Laura Davies <\/h2><p>Ison-Britannian Suomen suurl\u00e4hettil\u00e4s<\/p>              <\/div>\n\n            <\/li>\n          <\/ul>\n\n        <\/button>\n\n      \n        <button data-modal-trigger=\"speaker-event-69f5d5757df61\" aria-label=\"Puhuja, Ella Kanninen\" class=\"smy-speakers__speaker \">\n\n          <ul>\n            <li>\n              <img decoding=\"async\" src=\"https:\/\/smy.fi\/metsapaivat\/wp-content\/uploads\/sites\/2\/2025\/08\/Ella-Kanninen.jpg\" \/>            <\/li>\n            <li class=\"smy-speakers__details\">\n                <div>\n                                    <h2>Ella Kanninen<\/h2>              <\/div>\n\n            <\/li>\n          <\/ul>\n\n        <\/button>\n\n      \n        <button data-modal-trigger=\"speaker-event-69f5d5757e43d\" aria-label=\"Puhuja, Markus Liimatainen\" class=\"smy-speakers__speaker \">\n\n          <ul>\n            <li>\n              <img decoding=\"async\" src=\"https:\/\/smy.fi\/metsapaivat\/wp-content\/uploads\/sites\/2\/2025\/08\/Markus-Liimatainen.jpg\" \/>            <\/li>\n            <li class=\"smy-speakers__details\">\n                <div>\n                                    <h2>Markus Liimatainen<\/h2>              <\/div>\n\n            <\/li>\n          <\/ul>\n\n        <\/button>\n\n      \n        <article class=\"smy-speakers__last\">\n        <img decoding=\"async\" class=\"svg \" src=\"https:\/\/smy.fi\/metsapaivat\/wp-content\/themes\/pt-metsapaivat-theme\/assets\/img\/logo-metsapaivat-nega.svg\" alt=\"Mets\u00e4p\u00e4iv\u00e4t logo\">\n        <\/article>\n            <\/div>\n\n    <script type=\"text\/javascript\">\n\n    <\/script>\n\n  <\/section>\n\n\n  <section class=\"smy-speaker-modals\">\n    \n      <aside data-modal-id=\"speaker-event-69f5d5757cbe7\" class=\"speaker-modal speaker-modal--hidden \">\n        <div class=\"speaker-modal__bg\"><\/div>\n        <div class=\"speaker-modal__content \">\n          <div class=\"speaker-modal__close\">\n            <button data-exit-modal-id=\"speaker-event-69f5d5757cbe7\" alt=\"sulje ikkuna\"><span><\/span><\/button>\n          <\/div>\n\n          <ul class=\"speaker-modal__content-layout\">\n            <li>\n              <div class=\"speaker-modal__image\">\n                <img decoding=\"async\" src=\"https:\/\/smy.fi\/metsapaivat\/wp-content\/uploads\/sites\/2\/2025\/08\/Olli-Rehn-2022.jpg\" \/>              <\/div>\n            <\/li>\n            <li>\n              <ul class=\"speaker-modal__content-upper\">\n                <li>\n                  <div>\n                                        <\/div>\n                  <div>\n                    <h2>Olli Rehn<\/h2><p>P\u00e4\u00e4johtaja<\/p><p>Suomen Pankki<\/p>                  <\/div>\n                <\/li>\n                <li>\n                  \n                  <p><p>Suomen Pankin p\u00e4\u00e4johtaja Olli Rehn puhuu valtakunnallisilla Mets\u00e4p\u00e4ivill\u00e4 22.10.2025 maailmanpolitiikan ja maailmankaupan muutoksista, jotka vaikuttavat my\u00f6s mets\u00e4alaan.<\/p>\n<p>&nbsp;<\/p>\n<p>Mets\u00e4p\u00e4ivill\u00e4 keskustellaan juhlavuonna 2025 mets\u00e4alaan vaikuttavista muutosvoimista ja alan ratkaisuista muutokseen.<\/p>\n<p>&nbsp;<\/p>\n<p>Suomen Pankin p\u00e4\u00e4johtaja\u00a0<strong>Olli Rehn<\/strong>\u00a0pureutuu 100-vuotisjuhlap\u00e4iv\u00e4n puheenvuorossaan maailmanlaajuisiin muutosvoimiin.<\/p>\n<p>&nbsp;<\/p>\n<p>Rehn tunnetaan ty\u00f6skentelyst\u00e4\u00e4n aiemmin my\u00f6s muun muassa elinkeinoministerin\u00e4, kansanedustajana ja EU-komissaarina vuosina 2004\u20132014.<\/p>\n<p>&nbsp;<\/p>\n<p>Forest.fi-verkkolehdelle\u00a0<a href=\"https:\/\/forest.fi\/fi\/artikkeli\/olli-rehn-arvostelee-eun-paastokauppajarjestelmaa\/\" target=\"_blank\" rel=\"noreferrer noopener\">Rehn painottaa<\/a>\u00a0mets\u00e4alan merkityst\u00e4 Suomelle.<\/p>\n<p>&nbsp;<\/p>\n<p>\u201dKest\u00e4v\u00e4 mets\u00e4talous on niin t\u00e4rke\u00e4 osa Suomen kansantaloutta, ett\u00e4 sen kehitysn\u00e4kymien osalta on syyt\u00e4 olla kartalla.\u201d<\/p>\n<p>&nbsp;<\/p>\n<p>Euroopassa k\u00e4ydess\u00e4\u00e4n Rehn sanoo kertovansa aina Suomen kest\u00e4v\u00e4st\u00e4 mets\u00e4hoidosta ja mets\u00e4taloudesta.<\/p>\n<p>&nbsp;<\/p>\n<p>\u201dEnnen tapasin k\u00e4ytt\u00e4\u00e4 ilmaisua \u201dvihre\u00e4n kullan maa\u201d, nykyisin harvemmin \u2013 vaikka niin kyll\u00e4 ajattelen. Kyll\u00e4h\u00e4n painotukset ovat muuttuneet vuosien varrella siin\u00e4 miss\u00e4 maailmakin on muuttunut\u201d, h\u00e4n toteaa.<\/p>\n<\/p>                <\/li>\n              <\/ul>\n            <\/li>\n\n          <\/ul>\n\n        <\/div>\n      <\/aside>\n    \n      <aside data-modal-id=\"speaker-event-69f5d5757d36e\" class=\"speaker-modal speaker-modal--hidden \">\n        <div class=\"speaker-modal__bg\"><\/div>\n        <div class=\"speaker-modal__content \">\n          <div class=\"speaker-modal__close\">\n            <button data-exit-modal-id=\"speaker-event-69f5d5757d36e\" alt=\"sulje ikkuna\"><span><\/span><\/button>\n          <\/div>\n\n          <ul class=\"speaker-modal__content-layout\">\n            <li>\n              <div class=\"speaker-modal__image\">\n                <img decoding=\"async\" src=\"https:\/\/smy.fi\/metsapaivat\/wp-content\/uploads\/sites\/2\/2025\/08\/Otava_KirstiManninen_JR_11-1-scaled.jpg\" \/>              <\/div>\n            <\/li>\n            <li>\n              <ul class=\"speaker-modal__content-upper\">\n                <li>\n                  <div>\n                                        <\/div>\n                  <div>\n                    <h2>Kirsti Manninen<\/h2><p>Kirjailija, tutkija ja historioitsija<\/p>                  <\/div>\n                <\/li>\n                <li>\n                  \n                  <p><p>Kirjailija, k\u00e4sikirjoittaja ja historiantutkija Kirsti Manninen kertoo Mets\u00e4p\u00e4ivill\u00e4 mukaansatempaavasti siit\u00e4, mit\u00e4 inspiraatiota voimme l\u00f6yt\u00e4\u00e4 mets\u00e4l\u00e4isyyden historiastamme.<\/p>\n<p>&nbsp;<\/p>\n<p>Kun kirjailija ja tutkija\u00a0<strong>Kirsti Manninen\u00a0<\/strong>ottaa paikkansa 100 vuotta t\u00e4ytt\u00e4vien Mets\u00e4p\u00e4ivien juhlalavalla keskiviikkona 22.10.2025, luvassa on el\u00e4v\u00e4inen ja mieleenpainuva katsaus mets\u00e4alan historiaan.<\/p>\n<p>&nbsp;<\/p>\n<p>Manninen tunnetaan parhaiten kirjailijana ja k\u00e4sikirjoittajana. H\u00e4n on julkaissut toistasataa teosta omalla nimell\u00e4\u00e4n ja kirjailijanimell\u00e4 Enni Mustonen.<\/p>\n<p>&nbsp;<\/p>\n<p>Mets\u00e4 ja mets\u00e4ala kulkevat mukana monissa Mannisen historiallisissa romaaneissa. Manninen on perehtynyt siihen, miten metsien merkitys suomalaisille on muuttunut vuosikymmenten kuluessa. H\u00e4n on tutkinut metsi\u00e4 ja suomalaisten mets\u00e4suhdetta niin ymp\u00e4rist\u00f6historian kuin kansallisen identiteetin kannalta. H\u00e4n osaa kertoa, millaisessa ilmapiiriss\u00e4 ensimm\u00e4iset Mets\u00e4p\u00e4iv\u00e4t j\u00e4rjestettiin, ja mit\u00e4 mets\u00e4alan historiasta on siirtynyt voimavaraksi tulevaan.<\/p>\n<p>&nbsp;<\/p>\n<p>Manninen on k\u00e4sikirjoittanut my\u00f6s Finlandia-talon kes\u00e4kuussa avautuneen pysyv\u00e4n n\u00e4yttelyn, jossa kuljetaan Alvar, Aino ja Elissa Aallon matkassa tutustuen muun muassa mets\u00e4n ja puun rooliin suomalaisuuden historiassa. Mets\u00e4p\u00e4ivien j\u00e4rjest\u00e4j\u00e4n, Suomen Mets\u00e4yhdistyksen Uusi puu -hanke nostaa n\u00e4yttelyss\u00e4 esiin suomalaisen mets\u00e4biotalouden innovaatiot.<\/p>\n<p>&nbsp;<\/p>\n<p>Kirsti Mannista haastattelevat Mets\u00e4p\u00e4ivien keskiviikon\u00a0<a href=\"https:\/\/smy.fi\/metsapaivat\/metsapaivien-100-vuotisjuhlien-juontajina-ella-kanninen-ja-markus-liimatainen\/\">juhlaohjelman juontajat<\/a>, toimittaja\u00a0<strong>Ella Kanninen<\/strong>\u00a0ja Ylell\u00e4 ty\u00f6skentelev\u00e4\u00a0<strong>Markus Liimatainen<\/strong>.<\/p>\n<p>&nbsp;<\/p>\n<p>Mets\u00e4p\u00e4ivien osallistujille j\u00e4rjestet\u00e4\u00e4n kierroksia uudessa el\u00e4myksellisess\u00e4\u00a0<a href=\"https:\/\/smy.fi\/metsapaivat\/metsapaivilla-paaset-opastetulle-kierrokselle-finlandia-talon-uuteen-elamykselliseen-nayttelyyn\/\">Finlandia-n\u00e4yttelyss\u00e4<\/a>.<\/p>\n<\/p>                <\/li>\n              <\/ul>\n            <\/li>\n\n          <\/ul>\n\n        <\/div>\n      <\/aside>\n    \n      <aside data-modal-id=\"speaker-event-69f5d5757da30\" class=\"speaker-modal speaker-modal--hidden speaker-modal--keynote\">\n        <div class=\"speaker-modal__bg\"><\/div>\n        <div class=\"speaker-modal__content \">\n          <div class=\"speaker-modal__close\">\n            <button data-exit-modal-id=\"speaker-event-69f5d5757da30\" alt=\"sulje ikkuna\"><span><\/span><\/button>\n          <\/div>\n\n          <ul class=\"speaker-modal__content-layout\">\n            <li>\n              <div class=\"speaker-modal__image\">\n                <img decoding=\"async\" src=\"https:\/\/smy.fi\/metsapaivat\/wp-content\/uploads\/sites\/2\/2025\/08\/Laura_Davies_Official-1.jpg\" \/>              <\/div>\n            <\/li>\n            <li>\n              <ul class=\"speaker-modal__content-upper\">\n                <li>\n                  <div>\n                                        <\/div>\n                  <div>\n                    <h2>Laura Davies <\/h2><p>Ison-Britannian Suomen suurl\u00e4hettil\u00e4s<\/p>                  <\/div>\n                <\/li>\n                <li>\n                  \n                  <p><p>Suurl\u00e4hettil\u00e4s Laura Daviesin keynote kuullaan Mets\u00e4p\u00e4ivien 100-vuotisohjelman iltap\u00e4iv\u00e4ss\u00e4 22. lokakuuta 2025.<\/p>\n<p>&nbsp;<\/p>\n<p>Laura Davies\u00a0avaa Mets\u00e4p\u00e4ivien iltap\u00e4iv\u00e4n keynote-puheenvuorossaan, kuinka suomalaiset mets\u00e4t ja niiden merkitys suomalaisille n\u00e4ytt\u00e4ytyy brittil\u00e4isen silmin. Suurl\u00e4hettil\u00e4s Davies my\u00f6s pohtii mets\u00e4sektorin merkityst\u00e4 Suomen kansantaloudelle ja sen roolia Suomen ja Britannian v\u00e4lisess\u00e4 taloudellisessa yhteisty\u00f6ss\u00e4. Britannia on yksi Suomen mets\u00e4teollisuuden t\u00e4rkeimmist\u00e4 kauppakumppaneista.<\/p>\n<p>&nbsp;<\/p>\n<p>Davies aloitti Suomen-suurl\u00e4hettil\u00e4\u00e4n\u00e4 marraskuussa 2024. H\u00e4n on ty\u00f6skennellyt aiemmin muun muassa Britannian pysyv\u00e4n\u00e4 edustajana YK:n kasvatus-, tiede- ja kulttuurij\u00e4rjest\u00f6 Unescossa ja l\u00e4hetyst\u00f6neuvoksena Britannian Ranskan-suurl\u00e4hetyst\u00f6ss\u00e4.<\/p>\n<\/p>                <\/li>\n              <\/ul>\n            <\/li>\n\n          <\/ul>\n\n        <\/div>\n      <\/aside>\n    \n      <aside data-modal-id=\"speaker-event-69f5d5757df61\" class=\"speaker-modal speaker-modal--hidden \">\n        <div class=\"speaker-modal__bg\"><\/div>\n        <div class=\"speaker-modal__content \">\n          <div class=\"speaker-modal__close\">\n            <button data-exit-modal-id=\"speaker-event-69f5d5757df61\" alt=\"sulje ikkuna\"><span><\/span><\/button>\n          <\/div>\n\n          <ul class=\"speaker-modal__content-layout\">\n            <li>\n              <div class=\"speaker-modal__image\">\n                <img decoding=\"async\" src=\"https:\/\/smy.fi\/metsapaivat\/wp-content\/uploads\/sites\/2\/2025\/08\/Ella-Kanninen.jpg\" \/>              <\/div>\n            <\/li>\n            <li>\n              <ul class=\"speaker-modal__content-upper\">\n                <li>\n                  <div>\n                                        <\/div>\n                  <div>\n                    <h2>Ella Kanninen<\/h2>                  <\/div>\n                <\/li>\n                <li>\n                  \n                                  <\/li>\n              <\/ul>\n            <\/li>\n\n          <\/ul>\n\n        <\/div>\n      <\/aside>\n    \n      <aside data-modal-id=\"speaker-event-69f5d5757e43d\" class=\"speaker-modal speaker-modal--hidden \">\n        <div class=\"speaker-modal__bg\"><\/div>\n        <div class=\"speaker-modal__content \">\n          <div class=\"speaker-modal__close\">\n            <button data-exit-modal-id=\"speaker-event-69f5d5757e43d\" alt=\"sulje ikkuna\"><span><\/span><\/button>\n          <\/div>\n\n          <ul class=\"speaker-modal__content-layout\">\n            <li>\n              <div class=\"speaker-modal__image\">\n                <img decoding=\"async\" src=\"https:\/\/smy.fi\/metsapaivat\/wp-content\/uploads\/sites\/2\/2025\/08\/Markus-Liimatainen.jpg\" \/>              <\/div>\n            <\/li>\n            <li>\n              <ul class=\"speaker-modal__content-upper\">\n                <li>\n                  <div>\n                                        <\/div>\n                  <div>\n                    <h2>Markus Liimatainen<\/h2>                  <\/div>\n                <\/li>\n                <li>\n                  \n                                  <\/li>\n              <\/ul>\n            <\/li>\n\n          <\/ul>\n\n        <\/div>\n      <\/aside>\n      <\/section>\n\n","protected":false},"excerpt":{"rendered":"<p>Vuoden 2025 Mets\u00e4p\u00e4iv\u00e4t j\u00e4rjestet\u00e4\u00e4n 22.\u201323.10.2025 Finlandia-talossa. Juhlavuoden teemana on mets\u00e4ala yhdess\u00e4 ja n\u00e4k\u00f6kulma on tulevaisuuden mahdollisuuksissa ja ratkaisuissa. 100-vuotisjuhlat alkavat keskiviikkona 22.10. ikonisessa Finlandia-salissa. Kutsumme koko mets\u00e4alan sidosryhmineen seuraamaan juhlaohjelmaa. P\u00e4iv\u00e4n juontavat Ella Kanninen ja Markus Liimatainen. Maljat kohotetaan juhlavilla illallisilla. Ohjelma 8.00\u201311.00 Sidosryhm\u00e4tilaisuuksia Finlandia-talon eri tiloissa \u2013 katso sidosryhm\u00e4tilaisuudet 11.00\u201312.30 LOUNAS \u2013 Ravintolasalit&nbsp; 12.30&#8230;<\/p>\n","protected":false},"author":5,"featured_media":0,"parent":0,"menu_order":0,"comment_status":"closed","ping_status":"closed","template":"","meta":{"_acf_changed":false,"footnotes":""},"class_list":["post-25","page","type-page","status-publish","hentry"],"acf":[],"yoast_head":"<!-- This site is optimized with the Yoast SEO plugin v27.0 - https:\/\/yoast.com\/product\/yoast-seo-wordpress\/ -->\n<title>Ohjelma | Keskiviikko 22.10. - Mets\u00e4p\u00e4iv\u00e4t<\/title>\n<meta name=\"robots\" content=\"index, follow, max-snippet:-1, max-image-preview:large, max-video-preview:-1\" \/>\n<link rel=\"canonical\" href=\"https:\/\/smy.fi\/metsapaivat\/ohjelma-22-10\/\" \/>\n<meta property=\"og:locale\" content=\"fi_FI\" \/>\n<meta property=\"og:type\" content=\"article\" \/>\n<meta property=\"og:title\" content=\"Ohjelma | Keskiviikko 22.10. - Mets\u00e4p\u00e4iv\u00e4t\" \/>\n<meta property=\"og:description\" content=\"Vuoden 2025 Mets\u00e4p\u00e4iv\u00e4t j\u00e4rjestet\u00e4\u00e4n 22.\u201323.10.2025 Finlandia-talossa. Juhlavuoden teemana on mets\u00e4ala yhdess\u00e4 ja n\u00e4k\u00f6kulma on tulevaisuuden mahdollisuuksissa ja ratkaisuissa. 100-vuotisjuhlat alkavat keskiviikkona 22.10. ikonisessa Finlandia-salissa. Kutsumme koko mets\u00e4alan sidosryhmineen seuraamaan juhlaohjelmaa. P\u00e4iv\u00e4n juontavat Ella Kanninen ja Markus Liimatainen. Maljat kohotetaan juhlavilla illallisilla. Ohjelma 8.00\u201311.00 Sidosryhm\u00e4tilaisuuksia Finlandia-talon eri tiloissa \u2013 katso sidosryhm\u00e4tilaisuudet 11.00\u201312.30 LOUNAS \u2013 Ravintolasalit&nbsp; 12.30...\" \/>\n<meta property=\"og:url\" content=\"https:\/\/smy.fi\/metsapaivat\/ohjelma-22-10\/\" \/>\n<meta property=\"og:site_name\" content=\"Mets\u00e4p\u00e4iv\u00e4t\" \/>\n<meta property=\"article:modified_time\" content=\"2025-10-21T20:50:48+00:00\" \/>\n<meta name=\"twitter:card\" content=\"summary_large_image\" \/>\n<meta name=\"twitter:label1\" content=\"Est. reading time\" \/>\n\t<meta name=\"twitter:data1\" content=\"2 minuuttia\" \/>\n<script type=\"application\/ld+json\" class=\"yoast-schema-graph\">{\"@context\":\"https:\/\/schema.org\",\"@graph\":[{\"@type\":\"WebPage\",\"@id\":\"https:\/\/smy.fi\/metsapaivat\/ohjelma-22-10\/\",\"url\":\"https:\/\/smy.fi\/metsapaivat\/ohjelma-22-10\/\",\"name\":\"Ohjelma | Keskiviikko 22.10. - Mets\u00e4p\u00e4iv\u00e4t\",\"isPartOf\":{\"@id\":\"https:\/\/smy.fi\/metsapaivat\/#website\"},\"datePublished\":\"2022-11-22T07:49:05+00:00\",\"dateModified\":\"2025-10-21T20:50:48+00:00\",\"breadcrumb\":{\"@id\":\"https:\/\/smy.fi\/metsapaivat\/ohjelma-22-10\/#breadcrumb\"},\"inLanguage\":\"fi\",\"potentialAction\":[{\"@type\":\"ReadAction\",\"target\":[\"https:\/\/smy.fi\/metsapaivat\/ohjelma-22-10\/\"]}]},{\"@type\":\"BreadcrumbList\",\"@id\":\"https:\/\/smy.fi\/metsapaivat\/ohjelma-22-10\/#breadcrumb\",\"itemListElement\":[{\"@type\":\"ListItem\",\"position\":1,\"name\":\"Home\",\"item\":\"https:\/\/smy.fi\/metsapaivat\/\"},{\"@type\":\"ListItem\",\"position\":2,\"name\":\"Ohjelma | Keskiviikko 22.10.\"}]},{\"@type\":\"WebSite\",\"@id\":\"https:\/\/smy.fi\/metsapaivat\/#website\",\"url\":\"https:\/\/smy.fi\/metsapaivat\/\",\"name\":\"Mets\u00e4p\u00e4iv\u00e4t\",\"description\":\"Uusi SMY Sites -sivusto\",\"potentialAction\":[{\"@type\":\"SearchAction\",\"target\":{\"@type\":\"EntryPoint\",\"urlTemplate\":\"https:\/\/smy.fi\/metsapaivat\/?s={search_term_string}\"},\"query-input\":{\"@type\":\"PropertyValueSpecification\",\"valueRequired\":true,\"valueName\":\"search_term_string\"}}],\"inLanguage\":\"fi\"}]}<\/script>\n<!-- \/ Yoast SEO plugin. -->","yoast_head_json":{"title":"Ohjelma | Keskiviikko 22.10. - Mets\u00e4p\u00e4iv\u00e4t","robots":{"index":"index","follow":"follow","max-snippet":"max-snippet:-1","max-image-preview":"max-image-preview:large","max-video-preview":"max-video-preview:-1"},"canonical":"https:\/\/smy.fi\/metsapaivat\/ohjelma-22-10\/","og_locale":"fi_FI","og_type":"article","og_title":"Ohjelma | Keskiviikko 22.10. - Mets\u00e4p\u00e4iv\u00e4t","og_description":"Vuoden 2025 Mets\u00e4p\u00e4iv\u00e4t j\u00e4rjestet\u00e4\u00e4n 22.\u201323.10.2025 Finlandia-talossa. Juhlavuoden teemana on mets\u00e4ala yhdess\u00e4 ja n\u00e4k\u00f6kulma on tulevaisuuden mahdollisuuksissa ja ratkaisuissa. 100-vuotisjuhlat alkavat keskiviikkona 22.10. ikonisessa Finlandia-salissa. Kutsumme koko mets\u00e4alan sidosryhmineen seuraamaan juhlaohjelmaa. P\u00e4iv\u00e4n juontavat Ella Kanninen ja Markus Liimatainen. Maljat kohotetaan juhlavilla illallisilla. Ohjelma 8.00\u201311.00 Sidosryhm\u00e4tilaisuuksia Finlandia-talon eri tiloissa \u2013 katso sidosryhm\u00e4tilaisuudet 11.00\u201312.30 LOUNAS \u2013 Ravintolasalit&nbsp; 12.30...","og_url":"https:\/\/smy.fi\/metsapaivat\/ohjelma-22-10\/","og_site_name":"Mets\u00e4p\u00e4iv\u00e4t","article_modified_time":"2025-10-21T20:50:48+00:00","twitter_card":"summary_large_image","twitter_misc":{"Est. reading time":"2 minuuttia"},"schema":{"@context":"https:\/\/schema.org","@graph":[{"@type":"WebPage","@id":"https:\/\/smy.fi\/metsapaivat\/ohjelma-22-10\/","url":"https:\/\/smy.fi\/metsapaivat\/ohjelma-22-10\/","name":"Ohjelma | Keskiviikko 22.10. - Mets\u00e4p\u00e4iv\u00e4t","isPartOf":{"@id":"https:\/\/smy.fi\/metsapaivat\/#website"},"datePublished":"2022-11-22T07:49:05+00:00","dateModified":"2025-10-21T20:50:48+00:00","breadcrumb":{"@id":"https:\/\/smy.fi\/metsapaivat\/ohjelma-22-10\/#breadcrumb"},"inLanguage":"fi","potentialAction":[{"@type":"ReadAction","target":["https:\/\/smy.fi\/metsapaivat\/ohjelma-22-10\/"]}]},{"@type":"BreadcrumbList","@id":"https:\/\/smy.fi\/metsapaivat\/ohjelma-22-10\/#breadcrumb","itemListElement":[{"@type":"ListItem","position":1,"name":"Home","item":"https:\/\/smy.fi\/metsapaivat\/"},{"@type":"ListItem","position":2,"name":"Ohjelma | Keskiviikko 22.10."}]},{"@type":"WebSite","@id":"https:\/\/smy.fi\/metsapaivat\/#website","url":"https:\/\/smy.fi\/metsapaivat\/","name":"Mets\u00e4p\u00e4iv\u00e4t","description":"Uusi SMY Sites -sivusto","potentialAction":[{"@type":"SearchAction","target":{"@type":"EntryPoint","urlTemplate":"https:\/\/smy.fi\/metsapaivat\/?s={search_term_string}"},"query-input":{"@type":"PropertyValueSpecification","valueRequired":true,"valueName":"search_term_string"}}],"inLanguage":"fi"}]}},"_links":{"self":[{"href":"https:\/\/smy.fi\/metsapaivat\/wp-json\/wp\/v2\/pages\/25","targetHints":{"allow":["GET"]}}],"collection":[{"href":"https:\/\/smy.fi\/metsapaivat\/wp-json\/wp\/v2\/pages"}],"about":[{"href":"https:\/\/smy.fi\/metsapaivat\/wp-json\/wp\/v2\/types\/page"}],"author":[{"embeddable":true,"href":"https:\/\/smy.fi\/metsapaivat\/wp-json\/wp\/v2\/users\/5"}],"replies":[{"embeddable":true,"href":"https:\/\/smy.fi\/metsapaivat\/wp-json\/wp\/v2\/comments?post=25"}],"version-history":[{"count":0,"href":"https:\/\/smy.fi\/metsapaivat\/wp-json\/wp\/v2\/pages\/25\/revisions"}],"wp:attachment":[{"href":"https:\/\/smy.fi\/metsapaivat\/wp-json\/wp\/v2\/media?parent=25"}],"curies":[{"name":"wp","href":"https:\/\/api.w.org\/{rel}","templated":true}]}}