{"id":3673,"date":"2026-02-06T21:24:17","date_gmt":"2026-02-06T19:24:17","guid":{"rendered":"https:\/\/smy.fi\/metsapaivat\/?page_id=3673"},"modified":"2026-02-09T12:11:33","modified_gmt":"2026-02-09T10:11:33","slug":"ohjelma-2","status":"publish","type":"page","link":"https:\/\/smy.fi\/metsapaivat\/ohjelma-2\/","title":{"rendered":"Ohjelma"},"content":{"rendered":"\n<p>Mets\u00e4p\u00e4ivien p\u00e4\u00e4teemana vuonna 2026 on \u201cMets\u00e4 tuo turvaa\u201d. Tapahtuman aikana aihetta l\u00e4hestyt\u00e4\u00e4n monesta eri n\u00e4k\u00f6kulmasta, joita ovat esimerkiksi taloudellinen, poliittinen, sosiaalinen ja ekologinen turvallisuus.<br><br>Mets\u00e4p\u00e4iv\u00e4t 2026 jakaantuu kahdelle p\u00e4iv\u00e4lle, joista molempina on tarjolla teemalavapuheenvuoroja, keskusteluita sek\u00e4 messut. Torstaina 22.10. ohjelma huipentuu iltamiin bileb\u00e4ndin kera.<\/p>\n\n\n\n<p>Ohjelma tarkentuu my\u00f6hemmin.<\/p>\n\n\n\n<div class=\"wp-block-columns is-layout-flex wp-container-core-columns-is-layout-9d6595d7 wp-block-columns-is-layout-flex\">\n<div class=\"wp-block-column is-layout-flow wp-block-column-is-layout-flow\">\n<h3 class=\"wp-block-heading\">Ohjelma torstaina 22.10.<\/h3>\n\n\n\n<figure class=\"wp-block-image size-full\"><img loading=\"lazy\" decoding=\"async\" width=\"378\" height=\"557\" src=\"https:\/\/smy.fi\/metsapaivat\/wp-content\/uploads\/sites\/2\/2026\/02\/Metsapaivat-22.\u201323.10.2026-ESITE-1.png\" alt=\"\" class=\"wp-image-3674\" \/><\/figure>\n\n\n\n<div style=\"height:29px\" aria-hidden=\"true\" class=\"wp-block-spacer\"><\/div>\n\n\n\n<ul class=\"wp-block-list\">\n<li>Aamupala + messut<\/li>\n\n\n\n<li>Lavaohjelmaa kolmella lavalla<\/li>\n\n\n\n<li>Teemalavalla puheenvuorojen kesto on 25<br>minuuttia ja keskustelulavalla 40 minuuttia<\/li>\n\n\n\n<li>Lounas + messut<\/li>\n\n\n\n<li>Lavaohjelmaa kolmella lavalla<\/li>\n\n\n\n<li>Iltap\u00e4iv\u00e4kahvit + messut<\/li>\n\n\n\n<li>Yhteinen ohjelma: keynote<\/li>\n\n\n\n<li>Sidosryhm\u00e4tilaisuuksia<\/li>\n\n\n\n<li>Iltamat: After Work -buffet + bileb\u00e4ndi<\/li>\n\n\n\n<li>Iltamien jatkot N\u00e4k\u00f6alabaarissa<\/li>\n<\/ul>\n<\/div>\n\n\n\n<div class=\"wp-block-column is-layout-flow wp-block-column-is-layout-flow\">\n<h3 class=\"wp-block-heading\">Ohjelma perjantaina 23.10.<\/h3>\n\n\n\n<figure class=\"wp-block-image size-full\"><img loading=\"lazy\" decoding=\"async\" width=\"447\" height=\"468\" src=\"https:\/\/smy.fi\/metsapaivat\/wp-content\/uploads\/sites\/2\/2026\/02\/Metsapaivat-22.\u201323.10.2026-ESITE-2.png\" alt=\"\" class=\"wp-image-3675\" \/><\/figure>\n\n\n\n<div style=\"height:29px\" aria-hidden=\"true\" class=\"wp-block-spacer\"><\/div>\n\n\n\n<ul class=\"wp-block-list\">\n<li>Aamukahvi + messut<\/li>\n\n\n\n<li>Lavaohjelmaa kolmella lavalla<\/li>\n\n\n\n<li>Suolainen v\u00e4lipala + messut<\/li>\n\n\n\n<li>Yhteinen ohjelmaosuus: Keynote<\/li>\n\n\n\n<li>Messut + verkostoitumista<\/li>\n\n\n\n<li>Tapahtuma p\u00e4\u00e4ttyy klo 12.30<\/li>\n\n\n\n<li>Sidosryhm\u00e4tilaisuuksia<\/li>\n<\/ul>\n<\/div>\n<\/div>\n\n\n\n<div class=\"wp-block-buttons is-content-justification-center is-layout-flex wp-container-core-buttons-is-layout-16018d1d wp-block-buttons-is-layout-flex\">\n<div class=\"wp-block-button\"><a class=\"wp-block-button__link wp-element-button\" href=\"https:\/\/smy.fi\/metsapaivat\/ohjelmantarjoajalle\/\" target=\"_blank\" rel=\"noreferrer noopener\">Tutustu ohjelmapaikkoihin ja varaa omasi!<\/a><\/div>\n<\/div>\n","protected":false},"excerpt":{"rendered":"<p>Mets\u00e4p\u00e4ivien p\u00e4\u00e4teemana vuonna 2026 on \u201cMets\u00e4 tuo turvaa\u201d. Tapahtuman aikana aihetta l\u00e4hestyt\u00e4\u00e4n monesta eri n\u00e4k\u00f6kulmasta, joita ovat esimerkiksi taloudellinen, poliittinen, sosiaalinen ja ekologinen turvallisuus. Mets\u00e4p\u00e4iv\u00e4t 2026 jakaantuu kahdelle p\u00e4iv\u00e4lle, joista molempina on tarjolla teemalavapuheenvuoroja, keskusteluita sek\u00e4 messut. Torstaina 22.10. ohjelma huipentuu iltamiin bileb\u00e4ndin kera. Ohjelma tarkentuu my\u00f6hemmin. Ohjelma torstaina 22.10. Ohjelma perjantaina 23.10.<\/p>\n","protected":false},"author":5,"featured_media":0,"parent":0,"menu_order":0,"comment_status":"closed","ping_status":"closed","template":"","meta":{"_acf_changed":false,"footnotes":""},"class_list":["post-3673","page","type-page","status-publish","hentry"],"acf":[],"yoast_head":"<!-- This site is optimized with the Yoast SEO plugin v27.0 - https:\/\/yoast.com\/product\/yoast-seo-wordpress\/ -->\n<title>Ohjelma - Mets\u00e4p\u00e4iv\u00e4t<\/title>\n<meta name=\"robots\" content=\"index, follow, max-snippet:-1, max-image-preview:large, max-video-preview:-1\" \/>\n<link rel=\"canonical\" href=\"https:\/\/smy.fi\/metsapaivat\/ohjelma-2\/\" \/>\n<meta property=\"og:locale\" content=\"fi_FI\" \/>\n<meta property=\"og:type\" content=\"article\" \/>\n<meta property=\"og:title\" content=\"Ohjelma - Mets\u00e4p\u00e4iv\u00e4t\" \/>\n<meta property=\"og:description\" content=\"Mets\u00e4p\u00e4ivien p\u00e4\u00e4teemana vuonna 2026 on \u201cMets\u00e4 tuo turvaa\u201d. Tapahtuman aikana aihetta l\u00e4hestyt\u00e4\u00e4n monesta eri n\u00e4k\u00f6kulmasta, joita ovat esimerkiksi taloudellinen, poliittinen, sosiaalinen ja ekologinen turvallisuus. Mets\u00e4p\u00e4iv\u00e4t 2026 jakaantuu kahdelle p\u00e4iv\u00e4lle, joista molempina on tarjolla teemalavapuheenvuoroja, keskusteluita sek\u00e4 messut. Torstaina 22.10. ohjelma huipentuu iltamiin bileb\u00e4ndin kera. Ohjelma tarkentuu my\u00f6hemmin. Ohjelma torstaina 22.10. Ohjelma perjantaina 23.10.\" \/>\n<meta property=\"og:url\" content=\"https:\/\/smy.fi\/metsapaivat\/ohjelma-2\/\" \/>\n<meta property=\"og:site_name\" content=\"Mets\u00e4p\u00e4iv\u00e4t\" \/>\n<meta property=\"article:modified_time\" content=\"2026-02-09T10:11:33+00:00\" \/>\n<meta name=\"twitter:card\" content=\"summary_large_image\" \/>\n<meta name=\"twitter:label1\" content=\"Est. reading time\" \/>\n\t<meta name=\"twitter:data1\" content=\"2 minuuttia\" \/>\n<script type=\"application\/ld+json\" class=\"yoast-schema-graph\">{\"@context\":\"https:\/\/schema.org\",\"@graph\":[{\"@type\":\"WebPage\",\"@id\":\"https:\/\/smy.fi\/metsapaivat\/ohjelma-2\/\",\"url\":\"https:\/\/smy.fi\/metsapaivat\/ohjelma-2\/\",\"name\":\"Ohjelma - Mets\u00e4p\u00e4iv\u00e4t\",\"isPartOf\":{\"@id\":\"https:\/\/smy.fi\/metsapaivat\/#website\"},\"datePublished\":\"2026-02-06T19:24:17+00:00\",\"dateModified\":\"2026-02-09T10:11:33+00:00\",\"breadcrumb\":{\"@id\":\"https:\/\/smy.fi\/metsapaivat\/ohjelma-2\/#breadcrumb\"},\"inLanguage\":\"fi\",\"potentialAction\":[{\"@type\":\"ReadAction\",\"target\":[\"https:\/\/smy.fi\/metsapaivat\/ohjelma-2\/\"]}]},{\"@type\":\"BreadcrumbList\",\"@id\":\"https:\/\/smy.fi\/metsapaivat\/ohjelma-2\/#breadcrumb\",\"itemListElement\":[{\"@type\":\"ListItem\",\"position\":1,\"name\":\"Home\",\"item\":\"https:\/\/smy.fi\/metsapaivat\/\"},{\"@type\":\"ListItem\",\"position\":2,\"name\":\"Ohjelma\"}]},{\"@type\":\"WebSite\",\"@id\":\"https:\/\/smy.fi\/metsapaivat\/#website\",\"url\":\"https:\/\/smy.fi\/metsapaivat\/\",\"name\":\"Mets\u00e4p\u00e4iv\u00e4t\",\"description\":\"Uusi SMY Sites -sivusto\",\"potentialAction\":[{\"@type\":\"SearchAction\",\"target\":{\"@type\":\"EntryPoint\",\"urlTemplate\":\"https:\/\/smy.fi\/metsapaivat\/?s={search_term_string}\"},\"query-input\":{\"@type\":\"PropertyValueSpecification\",\"valueRequired\":true,\"valueName\":\"search_term_string\"}}],\"inLanguage\":\"fi\"}]}<\/script>\n<!-- \/ Yoast SEO plugin. -->","yoast_head_json":{"title":"Ohjelma - Mets\u00e4p\u00e4iv\u00e4t","robots":{"index":"index","follow":"follow","max-snippet":"max-snippet:-1","max-image-preview":"max-image-preview:large","max-video-preview":"max-video-preview:-1"},"canonical":"https:\/\/smy.fi\/metsapaivat\/ohjelma-2\/","og_locale":"fi_FI","og_type":"article","og_title":"Ohjelma - Mets\u00e4p\u00e4iv\u00e4t","og_description":"Mets\u00e4p\u00e4ivien p\u00e4\u00e4teemana vuonna 2026 on \u201cMets\u00e4 tuo turvaa\u201d. Tapahtuman aikana aihetta l\u00e4hestyt\u00e4\u00e4n monesta eri n\u00e4k\u00f6kulmasta, joita ovat esimerkiksi taloudellinen, poliittinen, sosiaalinen ja ekologinen turvallisuus. Mets\u00e4p\u00e4iv\u00e4t 2026 jakaantuu kahdelle p\u00e4iv\u00e4lle, joista molempina on tarjolla teemalavapuheenvuoroja, keskusteluita sek\u00e4 messut. Torstaina 22.10. ohjelma huipentuu iltamiin bileb\u00e4ndin kera. Ohjelma tarkentuu my\u00f6hemmin. Ohjelma torstaina 22.10. Ohjelma perjantaina 23.10.","og_url":"https:\/\/smy.fi\/metsapaivat\/ohjelma-2\/","og_site_name":"Mets\u00e4p\u00e4iv\u00e4t","article_modified_time":"2026-02-09T10:11:33+00:00","twitter_card":"summary_large_image","twitter_misc":{"Est. reading time":"2 minuuttia"},"schema":{"@context":"https:\/\/schema.org","@graph":[{"@type":"WebPage","@id":"https:\/\/smy.fi\/metsapaivat\/ohjelma-2\/","url":"https:\/\/smy.fi\/metsapaivat\/ohjelma-2\/","name":"Ohjelma - Mets\u00e4p\u00e4iv\u00e4t","isPartOf":{"@id":"https:\/\/smy.fi\/metsapaivat\/#website"},"datePublished":"2026-02-06T19:24:17+00:00","dateModified":"2026-02-09T10:11:33+00:00","breadcrumb":{"@id":"https:\/\/smy.fi\/metsapaivat\/ohjelma-2\/#breadcrumb"},"inLanguage":"fi","potentialAction":[{"@type":"ReadAction","target":["https:\/\/smy.fi\/metsapaivat\/ohjelma-2\/"]}]},{"@type":"BreadcrumbList","@id":"https:\/\/smy.fi\/metsapaivat\/ohjelma-2\/#breadcrumb","itemListElement":[{"@type":"ListItem","position":1,"name":"Home","item":"https:\/\/smy.fi\/metsapaivat\/"},{"@type":"ListItem","position":2,"name":"Ohjelma"}]},{"@type":"WebSite","@id":"https:\/\/smy.fi\/metsapaivat\/#website","url":"https:\/\/smy.fi\/metsapaivat\/","name":"Mets\u00e4p\u00e4iv\u00e4t","description":"Uusi SMY Sites -sivusto","potentialAction":[{"@type":"SearchAction","target":{"@type":"EntryPoint","urlTemplate":"https:\/\/smy.fi\/metsapaivat\/?s={search_term_string}"},"query-input":{"@type":"PropertyValueSpecification","valueRequired":true,"valueName":"search_term_string"}}],"inLanguage":"fi"}]}},"_links":{"self":[{"href":"https:\/\/smy.fi\/metsapaivat\/wp-json\/wp\/v2\/pages\/3673","targetHints":{"allow":["GET"]}}],"collection":[{"href":"https:\/\/smy.fi\/metsapaivat\/wp-json\/wp\/v2\/pages"}],"about":[{"href":"https:\/\/smy.fi\/metsapaivat\/wp-json\/wp\/v2\/types\/page"}],"author":[{"embeddable":true,"href":"https:\/\/smy.fi\/metsapaivat\/wp-json\/wp\/v2\/users\/5"}],"replies":[{"embeddable":true,"href":"https:\/\/smy.fi\/metsapaivat\/wp-json\/wp\/v2\/comments?post=3673"}],"version-history":[{"count":0,"href":"https:\/\/smy.fi\/metsapaivat\/wp-json\/wp\/v2\/pages\/3673\/revisions"}],"wp:attachment":[{"href":"https:\/\/smy.fi\/metsapaivat\/wp-json\/wp\/v2\/media?parent=3673"}],"curies":[{"name":"wp","href":"https:\/\/api.w.org\/{rel}","templated":true}]}}